{"id":10041,"date":"2021-10-15T14:08:18","date_gmt":"2021-10-15T14:08:18","guid":{"rendered":"https:\/\/probarranquilla.org\/?page_id=10041"},"modified":"2021-11-04T16:01:48","modified_gmt":"2021-11-04T16:01:48","slug":"centros","status":"publish","type":"page","link":"https:\/\/probarranquilla.org\/en\/centros\/","title":{"rendered":"centros"},"content":{"rendered":"<section class=\"wpb-content-wrapper\"><div data-vc-full-width=\"true\" data-vc-full-width-init=\"false\" class=\"vc_row wpb_row vc_row-fluid vc_custom_1636041589001 vc_row-has-fill vc_row-has-padding-top vc_row-has-padding-bottom vc_row-bg-position-top\"><div class=\"wpb_column vc_column_container vc_col-sm-12\"><div class=\"vc_column-inner\"><div class=\"wpb_wrapper\"><header class=\"kd-section-title col-lg-12 text-center  subtitle-below-title\" ><h2 class=\"separator_off\" style=\"color: #ffffff;\">CENTROS COMERCIALES<\/h2><\/header><\/div><\/div><\/div><\/div><div class=\"vc_row-full-width vc_clearfix\"><\/div><div class=\"vc_row wpb_row vc_row-fluid card_row vc_custom_1634299365958 vc_row-o-equal-height vc_row-bg-position-top vc_row-flex\"><div class=\"border_card wpb_column vc_column_container vc_col-sm-6\"><div class=\"vc_column-inner vc_custom_1634298455276\"><div class=\"wpb_wrapper\">\n\t<div  class=\"wpb_single_image wpb_content_element vc_align_center\">\n\t\t\n\t\t<figure class=\"wpb_wrapper vc_figure\">\n\t\t\t<div class=\"vc_single_image-wrapper   vc_box_border_grey\"><img fetchpriority=\"high\" decoding=\"async\" width=\"1232\" height=\"620\" src=\"https:\/\/probarranquilla.org\/wp-content\/uploads\/2021\/10\/buenavista-1-y-2-e1635447321287.jpg\" class=\"vc_single_image-img attachment-full\" alt=\"\" title=\"buenavista 1 y 2\" srcset=\"https:\/\/probarranquilla.org\/wp-content\/uploads\/2021\/10\/buenavista-1-y-2-e1635447321287.jpg 1232w, https:\/\/probarranquilla.org\/wp-content\/uploads\/2021\/10\/buenavista-1-y-2-e1635447321287-300x151.jpg 300w, https:\/\/probarranquilla.org\/wp-content\/uploads\/2021\/10\/buenavista-1-y-2-e1635447321287-1024x515.jpg 1024w, https:\/\/probarranquilla.org\/wp-content\/uploads\/2021\/10\/buenavista-1-y-2-e1635447321287-768x386.jpg 768w, https:\/\/probarranquilla.org\/wp-content\/uploads\/2021\/10\/buenavista-1-y-2-e1635447321287-800x403.jpg 800w\" sizes=\"(max-width: 1232px) 100vw, 1232px\" \/><\/div>\n\t\t<\/figure>\n\t<\/div>\n<h3 style=\"color: #002bf5;text-align: left\" class=\"vc_custom_heading vc_custom_1636041578977\" >Buenavista I y Buenavista 2<\/h3>\n\t<div class=\"wpb_text_column wpb_content_element  vc_custom_1634310301225\" >\n\t\t<div class=\"wpb_wrapper\">\n\t\t\t<p>El Caribe\u00a0 tiene una nueva experiencia en compras y diversi\u00f3n gracias a la marca BUENAVISTA, la m\u00e1s exclusiva red de centros comerciales con presencia en Barranquilla. Aqu\u00ed encontrar\u00e1s diversidad de sabores gracias a la presencia de restaurantes, helader\u00eda y caf\u00e9s. As\u00ed tambi\u00e9n como marcas de moda, accesorios, hogar, deporte, entre otras categor\u00edas. Los visitantes tendr\u00e1n la oportunidad de realizar actividades para su entretenimiento, con cines, parques infantiles y casinos.<\/p>\n\n\t\t<\/div>\n\t<\/div>\n<\/div><\/div><\/div><div class=\"border_card wpb_column vc_column_container vc_col-sm-6\"><div class=\"vc_column-inner vc_custom_1634298465512\"><div class=\"wpb_wrapper\">\n\t<div  class=\"wpb_single_image wpb_content_element vc_align_center\">\n\t\t\n\t\t<figure class=\"wpb_wrapper vc_figure\">\n\t\t\t<div class=\"vc_single_image-wrapper   vc_box_border_grey\"><img decoding=\"async\" width=\"819\" height=\"475\" src=\"https:\/\/probarranquilla.org\/wp-content\/uploads\/2021\/10\/mall-plaza-e1635447237195.png\" class=\"vc_single_image-img attachment-full\" alt=\"\" title=\"mall plaza\" srcset=\"https:\/\/probarranquilla.org\/wp-content\/uploads\/2021\/10\/mall-plaza-e1635447237195.png 819w, https:\/\/probarranquilla.org\/wp-content\/uploads\/2021\/10\/mall-plaza-e1635447237195-300x174.png 300w, https:\/\/probarranquilla.org\/wp-content\/uploads\/2021\/10\/mall-plaza-e1635447237195-768x445.png 768w, https:\/\/probarranquilla.org\/wp-content\/uploads\/2021\/10\/mall-plaza-e1635447237195-800x464.png 800w\" sizes=\"(max-width: 819px) 100vw, 819px\" \/><\/div>\n\t\t<\/figure>\n\t<\/div>\n<h3 style=\"color: #002bf5;text-align: left\" class=\"vc_custom_heading vc_custom_1636041599900\" >Mall Plaza Buenavista<\/h3>\n\t<div class=\"wpb_text_column wpb_content_element  vc_custom_1634220578887\" >\n\t\t<div class=\"wpb_wrapper\">\n\t\t\t<p>Un restaurante inspirado en los aires dee Cuba con un ambiente que te atrapa en las redes del buen gusto, donde el chef toma lo mejor del mar y lo convierte magistralmente en fascinantes preparaciones. En Varadero tambi\u00e9n podr\u00e1s disfrutar de un buen Habano y de m\u00fasica cubana en vivo.<\/p>\n\n\t\t<\/div>\n\t<\/div>\n<\/div><\/div><\/div><\/div><div class=\"vc_row wpb_row vc_row-fluid card_row vc_custom_1634298895703 vc_row-o-equal-height vc_row-bg-position-top vc_row-flex\"><div class=\"border_card wpb_column vc_column_container vc_col-sm-6\"><div class=\"vc_column-inner vc_custom_1634298455276\"><div class=\"wpb_wrapper\">\n\t<div  class=\"wpb_single_image wpb_content_element vc_align_center\">\n\t\t\n\t\t<figure class=\"wpb_wrapper vc_figure\">\n\t\t\t<div class=\"vc_single_image-wrapper   vc_box_border_grey\"><img decoding=\"async\" width=\"1260\" height=\"705\" src=\"https:\/\/probarranquilla.org\/wp-content\/uploads\/2021\/10\/centro_comercial_viva.jpg\" class=\"vc_single_image-img attachment-full\" alt=\"\" title=\"centro_comercial_viva\" srcset=\"https:\/\/probarranquilla.org\/wp-content\/uploads\/2021\/10\/centro_comercial_viva.jpg 1260w, https:\/\/probarranquilla.org\/wp-content\/uploads\/2021\/10\/centro_comercial_viva-300x168.jpg 300w, https:\/\/probarranquilla.org\/wp-content\/uploads\/2021\/10\/centro_comercial_viva-1024x573.jpg 1024w, https:\/\/probarranquilla.org\/wp-content\/uploads\/2021\/10\/centro_comercial_viva-768x430.jpg 768w, https:\/\/probarranquilla.org\/wp-content\/uploads\/2021\/10\/centro_comercial_viva-800x448.jpg 800w\" sizes=\"(max-width: 1260px) 100vw, 1260px\" \/><\/div>\n\t\t<\/figure>\n\t<\/div>\n<h3 style=\"color: #002bf5;text-align: left\" class=\"vc_custom_heading vc_custom_1636041609011\" >Centro Comercial Viva<\/h3>\n\t<div class=\"wpb_text_column wpb_content_element  vc_custom_1634310374724\" >\n\t\t<div class=\"wpb_wrapper\">\n\t\t\t<p>Cuenta con la presencia de m\u00e1s de 200 marcas y es un espacio que tiene ense\u00f1as locales y extranjeras en las que la moda masculina, art\u00edculos deportivos y un piso dedicado a restaurantes tienen el mayor n\u00famero de vitrinas y oferta.<\/p>\n\n\t\t<\/div>\n\t<\/div>\n<\/div><\/div><\/div><div class=\"border_card wpb_column vc_column_container vc_col-sm-6\"><div class=\"vc_column-inner vc_custom_1634298465512\"><div class=\"wpb_wrapper\">\n\t<div  class=\"wpb_single_image wpb_content_element vc_align_center\">\n\t\t\n\t\t<figure class=\"wpb_wrapper vc_figure\">\n\t\t\t<div class=\"vc_single_image-wrapper   vc_box_border_grey\"><img loading=\"lazy\" decoding=\"async\" width=\"800\" height=\"450\" src=\"https:\/\/probarranquilla.org\/wp-content\/uploads\/2021\/10\/le-collezioni.jpg\" class=\"vc_single_image-img attachment-full\" alt=\"\" title=\"le collezioni\" srcset=\"https:\/\/probarranquilla.org\/wp-content\/uploads\/2021\/10\/le-collezioni.jpg 800w, https:\/\/probarranquilla.org\/wp-content\/uploads\/2021\/10\/le-collezioni-300x169.jpg 300w, https:\/\/probarranquilla.org\/wp-content\/uploads\/2021\/10\/le-collezioni-768x432.jpg 768w\" sizes=\"(max-width: 800px) 100vw, 800px\" \/><\/div>\n\t\t<\/figure>\n\t<\/div>\n<h3 style=\"color: #002bf5;text-align: left\" class=\"vc_custom_heading vc_custom_1636041623997\" >Le Collezioni<\/h3>\n\t<div class=\"wpb_text_column wpb_content_element  vc_custom_1634310409290\" >\n\t\t<div class=\"wpb_wrapper\">\n\t\t\t<p>En este espacio comercial, encontrar\u00e1s marcas y colecciones que representan lo mejor de la elegancia y el dise\u00f1o especialmente italianas, como: Salvatore Ferragamo, Ermenegildo Zegna, Harmont&amp;Blaine, Hackett London, Le Collezioni, Valentino, Corneliani, Etro, Dsquared2, Santoni, Scotch&amp;soda, Vaqueros Trussardi.<\/p>\n\n\t\t<\/div>\n\t<\/div>\n<\/div><\/div><\/div><\/div><div data-vc-full-width=\"true\" data-vc-full-width-init=\"false\" class=\"vc_row wpb_row vc_row-fluid vc_custom_1636041639707 vc_row-has-fill vc_row-has-padding-top vc_row-has-padding-bottom vc_row-bg-position-top\"><div class=\"wpb_column vc_column_container vc_col-sm-12\"><div class=\"vc_column-inner\"><div class=\"wpb_wrapper\"><header class=\"kd-section-title col-lg-12 text-center  subtitle-below-title\" ><h2 class=\"separator_off\" style=\"color: #ffffff;\">Tour de Moda (alta costura)<\/h2><\/header><\/div><\/div><\/div><\/div><div class=\"vc_row-full-width vc_clearfix\"><\/div><div class=\"vc_row wpb_row vc_row-fluid card_row vc_custom_1634299365958 vc_row-o-equal-height vc_row-bg-position-top vc_row-flex\"><div class=\"border_card wpb_column vc_column_container vc_col-sm-4\"><div class=\"vc_column-inner vc_custom_1634298455276\"><div class=\"wpb_wrapper\">\n\t<div  class=\"wpb_single_image wpb_content_element vc_align_center\">\n\t\t\n\t\t<figure class=\"wpb_wrapper vc_figure\">\n\t\t\t<div class=\"vc_single_image-wrapper   vc_box_border_grey\"><img loading=\"lazy\" decoding=\"async\" width=\"1126\" height=\"750\" src=\"https:\/\/probarranquilla.org\/wp-content\/uploads\/2021\/10\/francesca-miranda.jpg\" class=\"vc_single_image-img attachment-full\" alt=\"\" title=\"francesca miranda\" srcset=\"https:\/\/probarranquilla.org\/wp-content\/uploads\/2021\/10\/francesca-miranda.jpg 1126w, https:\/\/probarranquilla.org\/wp-content\/uploads\/2021\/10\/francesca-miranda-300x200.jpg 300w, https:\/\/probarranquilla.org\/wp-content\/uploads\/2021\/10\/francesca-miranda-1024x682.jpg 1024w, https:\/\/probarranquilla.org\/wp-content\/uploads\/2021\/10\/francesca-miranda-768x512.jpg 768w, https:\/\/probarranquilla.org\/wp-content\/uploads\/2021\/10\/francesca-miranda-800x533.jpg 800w\" sizes=\"(max-width: 1126px) 100vw, 1126px\" \/><\/div>\n\t\t<\/figure>\n\t<\/div>\n<h3 style=\"color: #002bf5;text-align: left\" class=\"vc_custom_heading vc_custom_1636041656617\" >Francesca Miranda:<\/h3>\n\t<div class=\"wpb_text_column wpb_content_element  vc_custom_1634310454416\" >\n\t\t<div class=\"wpb_wrapper\">\n\t\t\t<p>Famosa disen\u0303adora, cuyo estilo es definido como \u201cAtemporal\u201d ,con el propo\u0301sito de enmarcar la elegancia de la mujer, de manera meramente sencilla y co\u0301moda.<\/p>\n\n\t\t<\/div>\n\t<\/div>\n<div class=\"key-icon-box icon-default icon-left cont-left ib-no-effect        float_align_left\" style=\"background-color: transparent;margin-left:12;margin-right:12;\" ><i class=\"iconsmind-Map-Marker2 iconsmind-Maps-Locations\" style=\"color: #033988;font-size: 30px;font-weight: 400;\"><\/i> <p style=\"font-size: 15px;\">Casa Boutique: Carrera 53 # 79-103<\/p><\/div><\/div><\/div><\/div><div class=\"border_card wpb_column vc_column_container vc_col-sm-4\"><div class=\"vc_column-inner vc_custom_1634298465512\"><div class=\"wpb_wrapper\">\n\t<div  class=\"wpb_single_image wpb_content_element vc_align_center\">\n\t\t\n\t\t<figure class=\"wpb_wrapper vc_figure\">\n\t\t\t<div class=\"vc_single_image-wrapper   vc_box_border_grey\"><img loading=\"lazy\" decoding=\"async\" width=\"1230\" height=\"951\" src=\"https:\/\/probarranquilla.org\/wp-content\/uploads\/2021\/10\/silvia-tcherassi.jpg\" class=\"vc_single_image-img attachment-full\" alt=\"\" title=\"silvia tcherassi\" srcset=\"https:\/\/probarranquilla.org\/wp-content\/uploads\/2021\/10\/silvia-tcherassi.jpg 1230w, https:\/\/probarranquilla.org\/wp-content\/uploads\/2021\/10\/silvia-tcherassi-300x232.jpg 300w, https:\/\/probarranquilla.org\/wp-content\/uploads\/2021\/10\/silvia-tcherassi-1024x792.jpg 1024w, https:\/\/probarranquilla.org\/wp-content\/uploads\/2021\/10\/silvia-tcherassi-768x594.jpg 768w, https:\/\/probarranquilla.org\/wp-content\/uploads\/2021\/10\/silvia-tcherassi-800x619.jpg 800w\" sizes=\"(max-width: 1230px) 100vw, 1230px\" \/><\/div>\n\t\t<\/figure>\n\t<\/div>\n<h3 style=\"color: #002bf5;text-align: left\" class=\"vc_custom_heading vc_custom_1636041665274\" >Silvia Tcherassi<\/h3>\n\t<div class=\"wpb_text_column wpb_content_element  vc_custom_1634310497923\" >\n\t\t<div class=\"wpb_wrapper\">\n\t\t\t<p>Esta disen\u0303adora es considerada como una de las li\u0301deres en el campo de la moda, siendo reconocida por premios internacionales de altos esta\u0301ndares. Combina con magia y talento, diferentes texturas y gamas de color. Su confeccio\u0301n es impecable y el corte perfecto.<\/p>\n\n\t\t<\/div>\n\t<\/div>\n<div class=\"key-icon-box icon-default icon-left cont-left ib-no-effect        float_align_left\" style=\"background-color: transparent;margin-left:12;margin-right:12;\" ><i class=\"iconsmind-Map-Marker2 iconsmind-Maps-Locations\" style=\"color: #033988;font-size: 30px;font-weight: 400;\"><\/i> <p style=\"font-size: 15px;\">Casa Boutique: Carrera 51# 79 - 82<\/p><\/div><\/div><\/div><\/div><div class=\"border_card wpb_column vc_column_container vc_col-sm-4\"><div class=\"vc_column-inner vc_custom_1634298481843\"><div class=\"wpb_wrapper\">\n\t<div  class=\"wpb_single_image wpb_content_element vc_align_center\">\n\t\t\n\t\t<figure class=\"wpb_wrapper vc_figure\">\n\t\t\t<div class=\"vc_single_image-wrapper   vc_box_border_grey\"><img loading=\"lazy\" decoding=\"async\" width=\"860\" height=\"811\" src=\"https:\/\/probarranquilla.org\/wp-content\/uploads\/2021\/10\/beatriz_camacho.jpg\" class=\"vc_single_image-img attachment-full\" alt=\"\" title=\"beatriz_camacho\" srcset=\"https:\/\/probarranquilla.org\/wp-content\/uploads\/2021\/10\/beatriz_camacho.jpg 860w, https:\/\/probarranquilla.org\/wp-content\/uploads\/2021\/10\/beatriz_camacho-300x283.jpg 300w, https:\/\/probarranquilla.org\/wp-content\/uploads\/2021\/10\/beatriz_camacho-768x724.jpg 768w, https:\/\/probarranquilla.org\/wp-content\/uploads\/2021\/10\/beatriz_camacho-800x754.jpg 800w\" sizes=\"(max-width: 860px) 100vw, 860px\" \/><\/div>\n\t\t<\/figure>\n\t<\/div>\n<h3 style=\"color: #002bf5;text-align: left\" class=\"vc_custom_heading vc_custom_1636041674219\" >Beatriz Camacho<\/h3>\n\t<div class=\"wpb_text_column wpb_content_element  vc_custom_1634310536166\" >\n\t\t<div class=\"wpb_wrapper\">\n\t\t\t<p>Beatriz Camacho naci\u00f3 y se cri\u00f3 en Cartagena, donde inaugur\u00f3 una de las primeras y m\u00e1s elegantes boutiques hace m\u00e1s de 15 a\u00f1os, convirti\u00e9ndose en una de las dise\u00f1adoras m\u00e1s importantes de la d\u00e9cada. Estudi\u00f3 dise\u00f1o de modas en New Burry School of Fashion Design, en Boston, y patronaje y organizaci\u00f3n de producci\u00f3n industrial en Roma. Actualmente vive en Barranquilla contando con su casa Boutique.<\/p>\n\n\t\t<\/div>\n\t<\/div>\n<div class=\"key-icon-box icon-default icon-left cont-left ib-no-effect        float_align_left\" style=\"background-color: transparent;margin-left:12;margin-right:12;\" ><i class=\"iconsmind-Map-Marker2 iconsmind-Maps-Locations\" style=\"color: #033988;font-size: 30px;font-weight: 400;\"><\/i> <p style=\"font-size: 15px;\">Casa Boutique: Cra 60 # 66-77<\/p><\/div><\/div><\/div><\/div><\/div><div class=\"vc_row wpb_row vc_row-fluid card_row vc_custom_1634299365958 vc_row-o-equal-height vc_row-bg-position-top vc_row-flex\"><div class=\"border_card wpb_column vc_column_container vc_col-sm-4\"><div class=\"vc_column-inner vc_custom_1634298455276\"><div class=\"wpb_wrapper\">\n\t<div  class=\"wpb_single_image wpb_content_element vc_align_center\">\n\t\t\n\t\t<figure class=\"wpb_wrapper vc_figure\">\n\t\t\t<div class=\"vc_single_image-wrapper   vc_box_border_grey\"><img loading=\"lazy\" decoding=\"async\" width=\"1280\" height=\"720\" src=\"https:\/\/probarranquilla.org\/wp-content\/uploads\/2021\/10\/JUDY-HAZBUN.jpg\" class=\"vc_single_image-img attachment-full\" alt=\"\" title=\"JUDY-HAZBUN\" srcset=\"https:\/\/probarranquilla.org\/wp-content\/uploads\/2021\/10\/JUDY-HAZBUN.jpg 1280w, https:\/\/probarranquilla.org\/wp-content\/uploads\/2021\/10\/JUDY-HAZBUN-300x169.jpg 300w, https:\/\/probarranquilla.org\/wp-content\/uploads\/2021\/10\/JUDY-HAZBUN-1024x576.jpg 1024w, https:\/\/probarranquilla.org\/wp-content\/uploads\/2021\/10\/JUDY-HAZBUN-768x432.jpg 768w, https:\/\/probarranquilla.org\/wp-content\/uploads\/2021\/10\/JUDY-HAZBUN-800x450.jpg 800w\" sizes=\"(max-width: 1280px) 100vw, 1280px\" \/><\/div>\n\t\t<\/figure>\n\t<\/div>\n<h3 style=\"color: #002bf5;text-align: left\" class=\"vc_custom_heading vc_custom_1636041684533\" >Judy Hazb\u00fan<\/h3>\n\t<div class=\"wpb_text_column wpb_content_element  vc_custom_1634310576745\" >\n\t\t<div class=\"wpb_wrapper\">\n\t\t\t<p>A sus 22 an\u0303os, recie\u0301n graduada de su carrera de Disen\u0303o, comenzo\u0301 a ejercer lo que por mucho tiempo habi\u0301a son\u0303ado, el disen\u0303o de modas. Es reconocida por sus encajes, pedreri\u0301as, transparencias que hacen a la mujer sentirse elegante, pero co\u0301moda a la vez.<\/p>\n\n\t\t<\/div>\n\t<\/div>\n<div class=\"key-icon-box icon-default icon-left cont-left ib-no-effect        float_align_left\" style=\"background-color: transparent;margin-left:12;margin-right:12;\" ><i class=\"iconsmind-Map-Marker2 iconsmind-Maps-Locations\" style=\"color: #033988;font-size: 30px;font-weight: 400;\"><\/i> <p style=\"font-size: 15px;\">Casa Boutique: Cra. 52 #79-249<\/p><\/div><\/div><\/div><\/div><div class=\"border_card wpb_column vc_column_container vc_col-sm-4\"><div class=\"vc_column-inner vc_custom_1634298465512\"><div class=\"wpb_wrapper\">\n\t<div  class=\"wpb_single_image wpb_content_element vc_align_center\">\n\t\t\n\t\t<figure class=\"wpb_wrapper vc_figure\">\n\t\t\t<div class=\"vc_single_image-wrapper   vc_box_border_grey\"><img loading=\"lazy\" decoding=\"async\" width=\"1230\" height=\"951\" src=\"https:\/\/probarranquilla.org\/wp-content\/uploads\/2021\/10\/goretty.jpg\" class=\"vc_single_image-img attachment-full\" alt=\"\" title=\"goretty\" srcset=\"https:\/\/probarranquilla.org\/wp-content\/uploads\/2021\/10\/goretty.jpg 1230w, https:\/\/probarranquilla.org\/wp-content\/uploads\/2021\/10\/goretty-300x232.jpg 300w, https:\/\/probarranquilla.org\/wp-content\/uploads\/2021\/10\/goretty-1024x792.jpg 1024w, https:\/\/probarranquilla.org\/wp-content\/uploads\/2021\/10\/goretty-768x594.jpg 768w, https:\/\/probarranquilla.org\/wp-content\/uploads\/2021\/10\/goretty-800x619.jpg 800w\" sizes=\"(max-width: 1230px) 100vw, 1230px\" \/><\/div>\n\t\t<\/figure>\n\t<\/div>\n<h3 style=\"color: #002bf5;text-align: left\" class=\"vc_custom_heading vc_custom_1636041692349\" >Goretty Medina<\/h3>\n\t<div class=\"wpb_text_column wpb_content_element  vc_custom_1634310639390\" >\n\t\t<div class=\"wpb_wrapper\">\n\t\t\t<p>Cuenta con un disen\u0303o innovador, juvenil, con telas u\u0301nicas y un gusto increi\u0301ble para el color. Siempre ella y su equipo de trabajo, hacen sentir a la cliente en casa. Refleja por medio de sus prendas, una pasio\u0301n por las tradiciones, por la mujer y sus ganas de sorprender por todas sus innovadoras combinaciones.<\/p>\n\n\t\t<\/div>\n\t<\/div>\n<div class=\"key-icon-box icon-default icon-left cont-left ib-no-effect        float_align_left\" style=\"background-color: transparent;margin-left:12;margin-right:12;\" ><i class=\"iconsmind-Map-Marker2 iconsmind-Maps-Locations\" style=\"color: #033988;font-size: 30px;font-weight: 400;\"><\/i> <p style=\"font-size: 15px;\">Casa Boutique: Cra 45 # 80-246<\/p><\/div><\/div><\/div><\/div><div class=\"border_card wpb_column vc_column_container vc_col-sm-4\"><div class=\"vc_column-inner vc_custom_1634298481843\"><div class=\"wpb_wrapper\">\n\t<div  class=\"wpb_single_image wpb_content_element vc_align_center\">\n\t\t\n\t\t<figure class=\"wpb_wrapper vc_figure\">\n\t\t\t<div class=\"vc_single_image-wrapper   vc_box_border_grey\"><img loading=\"lazy\" decoding=\"async\" width=\"1300\" height=\"916\" src=\"https:\/\/probarranquilla.org\/wp-content\/uploads\/2021\/10\/erika-quizena.jpg\" class=\"vc_single_image-img attachment-full\" alt=\"\" title=\"erika quizena\" srcset=\"https:\/\/probarranquilla.org\/wp-content\/uploads\/2021\/10\/erika-quizena.jpg 1300w, https:\/\/probarranquilla.org\/wp-content\/uploads\/2021\/10\/erika-quizena-300x211.jpg 300w, https:\/\/probarranquilla.org\/wp-content\/uploads\/2021\/10\/erika-quizena-1024x722.jpg 1024w, https:\/\/probarranquilla.org\/wp-content\/uploads\/2021\/10\/erika-quizena-768x541.jpg 768w, https:\/\/probarranquilla.org\/wp-content\/uploads\/2021\/10\/erika-quizena-800x564.jpg 800w\" sizes=\"(max-width: 1300px) 100vw, 1300px\" \/><\/div>\n\t\t<\/figure>\n\t<\/div>\n<h3 style=\"color: #002bf5;text-align: left\" class=\"vc_custom_heading vc_custom_1636041701582\" >\u00c9rika Quizena<\/h3>\n\t<div class=\"wpb_text_column wpb_content_element  vc_custom_1634310671687\" >\n\t\t<div class=\"wpb_wrapper\">\n\t\t\t<p>Esta gran disen\u0303adora, nunca dejara\u0301 que algo se vea mal. Por medio de sus disen\u0303os, irradia una pasio\u0301n a la exclusividad. Aunque comenzo\u0301 sus estudios como administradora de empresa, sintio\u0301 su amor por la moda por lo cual busco\u0301 despue\u0301s, estudios en este campo, y hoy en di\u0301a, lleva ma\u0301s de 10 an\u0303os confeccionando a clientes tanto nacionales, como internacionales.<\/p>\n\n\t\t<\/div>\n\t<\/div>\n<div class=\"key-icon-box icon-default icon-left cont-left ib-no-effect        float_align_left\" style=\"background-color: transparent;margin-left:12;margin-right:12;\" ><i class=\"iconsmind-Map-Marker2 iconsmind-Maps-Locations\" style=\"color: #033988;font-size: 30px;font-weight: 400;\"><\/i> <p style=\"font-size: 15px;\">Casa Boutique: Carrera 59C # 79 - 324<\/p><\/div><\/div><\/div><\/div><\/div>\n<\/section>","protected":false},"excerpt":{"rendered":"CENTROS COMERCIALES Buenavista I y Buenavista 2 El Caribe\u00a0 tiene una nueva experiencia en compras y diversi\u00f3n gracias a la marca BUENAVISTA, la m\u00e1s exclusiva red de centros comerciales con presencia en Barranquilla. Aqu\u00ed encontrar\u00e1s diversidad de sabores gracias a [...]","protected":false},"author":1,"featured_media":0,"parent":0,"menu_order":0,"comment_status":"closed","ping_status":"closed","template":"","meta":{"_tec_requires_first_save":true,"_EventAllDay":false,"_EventTimezone":"","_EventStartDate":"","_EventEndDate":"","_EventStartDateUTC":"","_EventEndDateUTC":"","_EventShowMap":false,"_EventShowMapLink":false,"_EventURL":"","_EventCost":"","_EventCostDescription":"","_EventCurrencySymbol":"","_EventCurrencyCode":"","_EventCurrencyPosition":"","_EventDateTimeSeparator":"","_EventTimeRangeSeparator":"","_EventOrganizerID":[],"_EventVenueID":[],"_OrganizerEmail":"","_OrganizerPhone":"","_OrganizerWebsite":"","_VenueAddress":"","_VenueCity":"","_VenueCountry":"","_VenueProvince":"","_VenueState":"","_VenueZip":"","_VenuePhone":"","_VenueURL":"","_VenueStateProvince":"","_VenueLat":"","_VenueLng":"","_VenueShowMap":false,"_VenueShowMapLink":false,"_tribe_blocks_recurrence_rules":"","_tribe_blocks_recurrence_description":"","_tribe_blocks_recurrence_exclusions":"","footnotes":""},"class_list":["post-10041","page","type-page","status-publish","hentry"],"acf":[],"yoast_head":"<!-- This site is optimized with the Yoast SEO plugin v27.5 - https:\/\/yoast.com\/product\/yoast-seo-wordpress\/ -->\n<title>centros | ProBarranquilla<\/title>\n<meta name=\"robots\" content=\"index, follow, max-snippet:-1, max-image-preview:large, max-video-preview:-1\" \/>\n<link rel=\"canonical\" href=\"https:\/\/probarranquilla.org\/en\/centros\/\" \/>\n<meta property=\"og:locale\" content=\"en_US\" \/>\n<meta property=\"og:type\" content=\"article\" \/>\n<meta property=\"og:title\" content=\"centros | ProBarranquilla\" \/>\n<meta property=\"og:url\" content=\"https:\/\/probarranquilla.org\/en\/centros\/\" \/>\n<meta property=\"og:site_name\" content=\"ProBarranquilla\" \/>\n<meta property=\"article:publisher\" content=\"https:\/\/www.facebook.com\/ProBarranquilla\/\" \/>\n<meta property=\"article:modified_time\" content=\"2021-11-04T16:01:48+00:00\" \/>\n<meta property=\"og:image\" content=\"https:\/\/probarranquilla.org\/wp-content\/uploads\/2022\/08\/redes-sociales-probaq-1.png\" \/>\n\t<meta property=\"og:image:width\" content=\"500\" \/>\n\t<meta property=\"og:image:height\" content=\"250\" \/>\n\t<meta property=\"og:image:type\" content=\"image\/png\" \/>\n<meta name=\"twitter:card\" content=\"summary_large_image\" \/>\n<meta name=\"twitter:site\" content=\"@ProBaq\" \/>\n<meta name=\"twitter:label1\" content=\"Est. reading time\" \/>\n\t<meta name=\"twitter:data1\" content=\"10 minutes\" \/>\n<script type=\"application\/ld+json\" class=\"yoast-schema-graph\">{\"@context\":\"https:\\\/\\\/schema.org\",\"@graph\":[{\"@type\":\"WebPage\",\"@id\":\"https:\\\/\\\/probarranquilla.org\\\/centros\\\/\",\"url\":\"https:\\\/\\\/probarranquilla.org\\\/centros\\\/\",\"name\":\"centros | ProBarranquilla\",\"isPartOf\":{\"@id\":\"https:\\\/\\\/probarranquilla.org\\\/#website\"},\"datePublished\":\"2021-10-15T14:08:18+00:00\",\"dateModified\":\"2021-11-04T16:01:48+00:00\",\"breadcrumb\":{\"@id\":\"https:\\\/\\\/probarranquilla.org\\\/centros\\\/#breadcrumb\"},\"inLanguage\":\"en-US\",\"potentialAction\":[{\"@type\":\"ReadAction\",\"target\":[\"https:\\\/\\\/probarranquilla.org\\\/centros\\\/\"]}]},{\"@type\":\"BreadcrumbList\",\"@id\":\"https:\\\/\\\/probarranquilla.org\\\/centros\\\/#breadcrumb\",\"itemListElement\":[{\"@type\":\"ListItem\",\"position\":1,\"name\":\"Inicio\",\"item\":\"https:\\\/\\\/probarranquilla.org\\\/\"},{\"@type\":\"ListItem\",\"position\":2,\"name\":\"centros\"}]},{\"@type\":\"WebSite\",\"@id\":\"https:\\\/\\\/probarranquilla.org\\\/#website\",\"url\":\"https:\\\/\\\/probarranquilla.org\\\/\",\"name\":\"ProBarranquilla\",\"description\":\"ProBarranquilla\",\"publisher\":{\"@id\":\"https:\\\/\\\/probarranquilla.org\\\/#organization\"},\"potentialAction\":[{\"@type\":\"SearchAction\",\"target\":{\"@type\":\"EntryPoint\",\"urlTemplate\":\"https:\\\/\\\/probarranquilla.org\\\/?s={search_term_string}\"},\"query-input\":{\"@type\":\"PropertyValueSpecification\",\"valueRequired\":true,\"valueName\":\"search_term_string\"}}],\"inLanguage\":\"en-US\"},{\"@type\":\"Organization\",\"@id\":\"https:\\\/\\\/probarranquilla.org\\\/#organization\",\"name\":\"ProBarranquilla\",\"url\":\"https:\\\/\\\/probarranquilla.org\\\/\",\"logo\":{\"@type\":\"ImageObject\",\"inLanguage\":\"en-US\",\"@id\":\"https:\\\/\\\/probarranquilla.org\\\/#\\\/schema\\\/logo\\\/image\\\/\",\"url\":\"https:\\\/\\\/9pcc8a.p3cdn1.secureserver.net\\\/wp-content\\\/uploads\\\/2022\\\/08\\\/redes-sociales-probaq-1.png?time=1669419395\",\"contentUrl\":\"https:\\\/\\\/9pcc8a.p3cdn1.secureserver.net\\\/wp-content\\\/uploads\\\/2022\\\/08\\\/redes-sociales-probaq-1.png?time=1669419395\",\"width\":500,\"height\":250,\"caption\":\"ProBarranquilla\"},\"image\":{\"@id\":\"https:\\\/\\\/probarranquilla.org\\\/#\\\/schema\\\/logo\\\/image\\\/\"},\"sameAs\":[\"https:\\\/\\\/www.facebook.com\\\/ProBarranquilla\\\/\",\"https:\\\/\\\/x.com\\\/ProBaq\"]}]}<\/script>\n<!-- \/ Yoast SEO plugin. -->","yoast_head_json":{"title":"centros | ProBarranquilla","robots":{"index":"index","follow":"follow","max-snippet":"max-snippet:-1","max-image-preview":"max-image-preview:large","max-video-preview":"max-video-preview:-1"},"canonical":"https:\/\/probarranquilla.org\/en\/centros\/","og_locale":"en_US","og_type":"article","og_title":"centros | ProBarranquilla","og_url":"https:\/\/probarranquilla.org\/en\/centros\/","og_site_name":"ProBarranquilla","article_publisher":"https:\/\/www.facebook.com\/ProBarranquilla\/","article_modified_time":"2021-11-04T16:01:48+00:00","og_image":[{"width":500,"height":250,"url":"https:\/\/probarranquilla.org\/wp-content\/uploads\/2022\/08\/redes-sociales-probaq-1.png","type":"image\/png"}],"twitter_card":"summary_large_image","twitter_site":"@ProBaq","twitter_misc":{"Est. reading time":"10 minutes"},"schema":{"@context":"https:\/\/schema.org","@graph":[{"@type":"WebPage","@id":"https:\/\/probarranquilla.org\/centros\/","url":"https:\/\/probarranquilla.org\/centros\/","name":"centros | ProBarranquilla","isPartOf":{"@id":"https:\/\/probarranquilla.org\/#website"},"datePublished":"2021-10-15T14:08:18+00:00","dateModified":"2021-11-04T16:01:48+00:00","breadcrumb":{"@id":"https:\/\/probarranquilla.org\/centros\/#breadcrumb"},"inLanguage":"en-US","potentialAction":[{"@type":"ReadAction","target":["https:\/\/probarranquilla.org\/centros\/"]}]},{"@type":"BreadcrumbList","@id":"https:\/\/probarranquilla.org\/centros\/#breadcrumb","itemListElement":[{"@type":"ListItem","position":1,"name":"Inicio","item":"https:\/\/probarranquilla.org\/"},{"@type":"ListItem","position":2,"name":"centros"}]},{"@type":"WebSite","@id":"https:\/\/probarranquilla.org\/#website","url":"https:\/\/probarranquilla.org\/","name":"ProBarranquilla","description":"ProBarranquilla","publisher":{"@id":"https:\/\/probarranquilla.org\/#organization"},"potentialAction":[{"@type":"SearchAction","target":{"@type":"EntryPoint","urlTemplate":"https:\/\/probarranquilla.org\/?s={search_term_string}"},"query-input":{"@type":"PropertyValueSpecification","valueRequired":true,"valueName":"search_term_string"}}],"inLanguage":"en-US"},{"@type":"Organization","@id":"https:\/\/probarranquilla.org\/#organization","name":"ProBarranquilla","url":"https:\/\/probarranquilla.org\/","logo":{"@type":"ImageObject","inLanguage":"en-US","@id":"https:\/\/probarranquilla.org\/#\/schema\/logo\/image\/","url":"https:\/\/9pcc8a.p3cdn1.secureserver.net\/wp-content\/uploads\/2022\/08\/redes-sociales-probaq-1.png?time=1669419395","contentUrl":"https:\/\/9pcc8a.p3cdn1.secureserver.net\/wp-content\/uploads\/2022\/08\/redes-sociales-probaq-1.png?time=1669419395","width":500,"height":250,"caption":"ProBarranquilla"},"image":{"@id":"https:\/\/probarranquilla.org\/#\/schema\/logo\/image\/"},"sameAs":["https:\/\/www.facebook.com\/ProBarranquilla\/","https:\/\/x.com\/ProBaq"]}]}},"_links":{"self":[{"href":"https:\/\/probarranquilla.org\/en\/wp-json\/wp\/v2\/pages\/10041","targetHints":{"allow":["GET"]}}],"collection":[{"href":"https:\/\/probarranquilla.org\/en\/wp-json\/wp\/v2\/pages"}],"about":[{"href":"https:\/\/probarranquilla.org\/en\/wp-json\/wp\/v2\/types\/page"}],"author":[{"embeddable":true,"href":"https:\/\/probarranquilla.org\/en\/wp-json\/wp\/v2\/users\/1"}],"replies":[{"embeddable":true,"href":"https:\/\/probarranquilla.org\/en\/wp-json\/wp\/v2\/comments?post=10041"}],"version-history":[{"count":0,"href":"https:\/\/probarranquilla.org\/en\/wp-json\/wp\/v2\/pages\/10041\/revisions"}],"wp:attachment":[{"href":"https:\/\/probarranquilla.org\/en\/wp-json\/wp\/v2\/media?parent=10041"}],"curies":[{"name":"wp","href":"https:\/\/api.w.org\/{rel}","templated":true}]}}