{"id":10097,"date":"2021-10-18T09:18:33","date_gmt":"2021-10-18T09:18:33","guid":{"rendered":"https:\/\/probarranquilla.org\/?page_id=10097"},"modified":"2021-11-04T16:32:37","modified_gmt":"2021-11-04T16:32:37","slug":"city-sight","status":"publish","type":"page","link":"https:\/\/probarranquilla.org\/en\/city-sight\/","title":{"rendered":"City Sight"},"content":{"rendered":"<section class=\"wpb-content-wrapper\"><div data-vc-full-width=\"true\" data-vc-full-width-init=\"false\" class=\"vc_row wpb_row vc_row-fluid vc_custom_1634549295976 vc_row-bg-position-top\"><div class=\"wpb_column vc_column_container vc_col-sm-12\"><div class=\"vc_column-inner\"><div class=\"wpb_wrapper\"><div class=\"vc_row wpb_row vc_inner vc_row-fluid vc_custom_1597925114307 vc_row-has-padding-top vc_row-has-padding-bottom vc_row-bg-position-top vc_row-o-content-middle vc_row-flex\"><div class=\"wpb_column vc_column_container vc_col-sm-12 vc_col-lg-offset-0 vc_col-lg-6 vc_col-md-offset-0 vc_col-sm-offset-0\"><div class=\"vc_column-inner vc_custom_1599050735143 vc_custom_1599050735144 vc_custom_1599050735146 vc_custom_1599050735147\"><div class=\"wpb_wrapper\">\n\t<div  class=\"wpb_single_image wpb_content_element vc_align_left\">\n\t\t\n\t\t<figure class=\"wpb_wrapper vc_figure\">\n\t\t\t<div class=\"vc_single_image-wrapper   vc_box_border_grey\"><img fetchpriority=\"high\" decoding=\"async\" width=\"482\" height=\"311\" src=\"https:\/\/probarranquilla.org\/wp-content\/uploads\/2021\/10\/malecon-e1634549494363.jpeg\" class=\"vc_single_image-img attachment-full\" alt=\"\" title=\"malecon\" srcset=\"https:\/\/probarranquilla.org\/wp-content\/uploads\/2021\/10\/malecon-e1634549494363.jpeg 482w, https:\/\/probarranquilla.org\/wp-content\/uploads\/2021\/10\/malecon-e1634549494363-300x194.jpeg 300w\" sizes=\"(max-width: 482px) 100vw, 482px\" \/><\/div>\n\t\t<\/figure>\n\t<\/div>\n<\/div><\/div><\/div><div class=\"wpb_column vc_column_container vc_col-sm-12 vc_col-lg-6\"><div class=\"vc_column-inner vc_custom_1599050763930 vc_custom_1599050763933 vc_custom_1599050763934 vc_custom_1599050763935\"><div class=\"wpb_wrapper\"><h2 style=\"color: #002bf5;text-align: left\" class=\"vc_custom_heading\" >Malec\u00f3n<\/h2>\n\t<div class=\"wpb_text_column wpb_content_element\" >\n\t\t<div class=\"wpb_wrapper\">\n\t\t\t<p>Malec\u00f3n ubicado sobre ribera del r\u00edo Magdalena. Es el espacio ideal para las familias que buscan disfrutar de una experiencia al aire libre y en contacto directo con las riquezas naturales del entorno. Incluye corredor verde, parque para ni\u00f1os, ciclo rutas y una variada oferta gastron\u00f3mica, contando con la presencia de Caim\u00e1n del R\u00edo. Este es el lugar en donde los restaurantes m\u00e1s tradicionales de la ciudad se congregan de manera permanente para ofrecer la gastronom\u00eda del Caribe colombiano<\/p>\n\n\t\t<\/div>\n\t<\/div>\n<\/div><\/div><\/div><\/div><div class=\"vc_row wpb_row vc_inner vc_row-fluid vc_custom_1597925114307 vc_row-has-padding-top vc_row-has-padding-bottom vc_row-bg-position-top vc_row-o-content-middle vc_row-flex\"><div class=\"wpb_column vc_column_container vc_col-sm-12 vc_col-lg-offset-0 vc_col-lg-6 vc_col-md-offset-0 vc_col-sm-offset-0\"><div class=\"vc_column-inner vc_custom_1599050735143 vc_custom_1599050735144 vc_custom_1599050735146 vc_custom_1599050735147\"><div class=\"wpb_wrapper\"><h2 style=\"color: #002bf5;text-align: left\" class=\"vc_custom_heading\" >Ventana al mundo<\/h2>\n\t<div class=\"wpb_text_column wpb_content_element\" >\n\t\t<div class=\"wpb_wrapper\">\n\t\t\t<p>Ubicada en la Avenida Circunvalar, pro\u0301xima a la rotonda de la Vi\u0301a 40. Es un monumento de acero y multicolor de 47,5 metros de altura, cubierto a su vez, por tres mil metros cuadrados de vidrio laminado de seguridad con diversas tonalidades.<\/p>\n\n\t\t<\/div>\n\t<\/div>\n<\/div><\/div><\/div><div class=\"wpb_column vc_column_container vc_col-sm-12 vc_col-lg-6\"><div class=\"vc_column-inner vc_custom_1599050763930 vc_custom_1599050763933 vc_custom_1599050763934 vc_custom_1599050763935\"><div class=\"wpb_wrapper\">\n\t<div  class=\"wpb_single_image wpb_content_element vc_align_left\">\n\t\t\n\t\t<figure class=\"wpb_wrapper vc_figure\">\n\t\t\t<div class=\"vc_single_image-wrapper   vc_box_border_grey\"><img decoding=\"async\" width=\"1323\" height=\"744\" src=\"https:\/\/probarranquilla.org\/wp-content\/uploads\/2021\/10\/ventana-al-mundo.jpg\" class=\"vc_single_image-img attachment-full\" alt=\"\" title=\"ventana al mundo\" srcset=\"https:\/\/probarranquilla.org\/wp-content\/uploads\/2021\/10\/ventana-al-mundo.jpg 1323w, https:\/\/probarranquilla.org\/wp-content\/uploads\/2021\/10\/ventana-al-mundo-300x169.jpg 300w, https:\/\/probarranquilla.org\/wp-content\/uploads\/2021\/10\/ventana-al-mundo-1024x576.jpg 1024w, https:\/\/probarranquilla.org\/wp-content\/uploads\/2021\/10\/ventana-al-mundo-768x432.jpg 768w, https:\/\/probarranquilla.org\/wp-content\/uploads\/2021\/10\/ventana-al-mundo-800x450.jpg 800w\" sizes=\"(max-width: 1323px) 100vw, 1323px\" \/><\/div>\n\t\t<\/figure>\n\t<\/div>\n<\/div><\/div><\/div><\/div><div class=\"vc_row wpb_row vc_inner vc_row-fluid vc_custom_1597925114307 vc_row-has-padding-top vc_row-has-padding-bottom vc_row-bg-position-top vc_row-o-content-middle vc_row-flex\"><div class=\"wpb_column vc_column_container vc_col-sm-12 vc_col-lg-offset-0 vc_col-lg-6 vc_col-md-offset-0 vc_col-sm-offset-0\"><div class=\"vc_column-inner vc_custom_1599050735143 vc_custom_1599050735144 vc_custom_1599050735146 vc_custom_1599050735147\"><div class=\"wpb_wrapper\">\n\t<div  class=\"wpb_single_image wpb_content_element vc_align_left\">\n\t\t\n\t\t<figure class=\"wpb_wrapper vc_figure\">\n\t\t\t<div class=\"vc_single_image-wrapper   vc_box_border_grey\"><img decoding=\"async\" width=\"640\" height=\"360\" src=\"https:\/\/probarranquilla.org\/wp-content\/uploads\/2021\/10\/castillo-de-salgar.jpg\" class=\"vc_single_image-img attachment-full\" alt=\"\" title=\"castillo de salgar\" srcset=\"https:\/\/probarranquilla.org\/wp-content\/uploads\/2021\/10\/castillo-de-salgar.jpg 640w, https:\/\/probarranquilla.org\/wp-content\/uploads\/2021\/10\/castillo-de-salgar-300x169.jpg 300w\" sizes=\"(max-width: 640px) 100vw, 640px\" \/><\/div>\n\t\t<\/figure>\n\t<\/div>\n<\/div><\/div><\/div><div class=\"wpb_column vc_column_container vc_col-sm-12 vc_col-lg-6\"><div class=\"vc_column-inner vc_custom_1599050763930 vc_custom_1599050763933 vc_custom_1599050763934 vc_custom_1599050763935\"><div class=\"wpb_wrapper\"><h2 style=\"color: #002bf5;text-align: left\" class=\"vc_custom_heading\" >Castillo de Salgar<\/h2>\n\t<div class=\"wpb_text_column wpb_content_element\" >\n\t\t<div class=\"wpb_wrapper\">\n\t\t\t<p>Es una edificacio\u0301n que conserva rasgos de la arquitectura colonial, siendo un monumento histo\u0301rico de Puerto Colombia. Fue construido por los espan\u0303oles en la e\u0301poca de la Colonia siendo a su vez, un punto estrate\u0301gico en los tiempos de independencia por su posicio\u0301n.<\/p>\n\n\t\t<\/div>\n\t<\/div>\n<\/div><\/div><\/div><\/div><\/div><\/div><\/div><\/div><div class=\"vc_row-full-width vc_clearfix\"><\/div>\n<\/section>","protected":false},"excerpt":{"rendered":"Malec\u00f3n Malec\u00f3n ubicado sobre ribera del r\u00edo Magdalena. Es el espacio ideal para las familias que buscan disfrutar de una experiencia al aire libre y en contacto directo con las riquezas naturales del entorno. Incluye corredor verde, parque para ni\u00f1os, [...]","protected":false},"author":1,"featured_media":0,"parent":0,"menu_order":0,"comment_status":"closed","ping_status":"closed","template":"","meta":{"_tec_requires_first_save":true,"_EventAllDay":false,"_EventTimezone":"","_EventStartDate":"","_EventEndDate":"","_EventStartDateUTC":"","_EventEndDateUTC":"","_EventShowMap":false,"_EventShowMapLink":false,"_EventURL":"","_EventCost":"","_EventCostDescription":"","_EventCurrencySymbol":"","_EventCurrencyCode":"","_EventCurrencyPosition":"","_EventDateTimeSeparator":"","_EventTimeRangeSeparator":"","_EventOrganizerID":[],"_EventVenueID":[],"_OrganizerEmail":"","_OrganizerPhone":"","_OrganizerWebsite":"","_VenueAddress":"","_VenueCity":"","_VenueCountry":"","_VenueProvince":"","_VenueState":"","_VenueZip":"","_VenuePhone":"","_VenueURL":"","_VenueStateProvince":"","_VenueLat":"","_VenueLng":"","_VenueShowMap":false,"_VenueShowMapLink":false,"_tribe_blocks_recurrence_rules":"","_tribe_blocks_recurrence_description":"","_tribe_blocks_recurrence_exclusions":"","footnotes":""},"class_list":["post-10097","page","type-page","status-publish","hentry"],"acf":[],"yoast_head":"<!-- This site is optimized with the Yoast SEO plugin v27.5 - https:\/\/yoast.com\/product\/yoast-seo-wordpress\/ -->\n<title>City Sight | ProBarranquilla<\/title>\n<meta name=\"robots\" content=\"index, follow, max-snippet:-1, max-image-preview:large, max-video-preview:-1\" \/>\n<link rel=\"canonical\" href=\"https:\/\/probarranquilla.org\/en\/city-sight\/\" \/>\n<meta property=\"og:locale\" content=\"en_US\" \/>\n<meta property=\"og:type\" content=\"article\" \/>\n<meta property=\"og:title\" content=\"City Sight | ProBarranquilla\" \/>\n<meta property=\"og:url\" content=\"https:\/\/probarranquilla.org\/en\/city-sight\/\" \/>\n<meta property=\"og:site_name\" content=\"ProBarranquilla\" \/>\n<meta property=\"article:publisher\" content=\"https:\/\/www.facebook.com\/ProBarranquilla\/\" \/>\n<meta property=\"article:modified_time\" content=\"2021-11-04T16:32:37+00:00\" \/>\n<meta property=\"og:image\" content=\"https:\/\/probarranquilla.org\/wp-content\/uploads\/2022\/08\/redes-sociales-probaq-1.png\" \/>\n\t<meta property=\"og:image:width\" content=\"500\" \/>\n\t<meta property=\"og:image:height\" content=\"250\" \/>\n\t<meta property=\"og:image:type\" content=\"image\/png\" \/>\n<meta name=\"twitter:card\" content=\"summary_large_image\" \/>\n<meta name=\"twitter:site\" content=\"@ProBaq\" \/>\n<meta name=\"twitter:label1\" content=\"Est. reading time\" \/>\n\t<meta name=\"twitter:data1\" content=\"4 minutes\" \/>\n<script type=\"application\/ld+json\" class=\"yoast-schema-graph\">{\"@context\":\"https:\\\/\\\/schema.org\",\"@graph\":[{\"@type\":\"WebPage\",\"@id\":\"https:\\\/\\\/probarranquilla.org\\\/city-sight\\\/\",\"url\":\"https:\\\/\\\/probarranquilla.org\\\/city-sight\\\/\",\"name\":\"City Sight | ProBarranquilla\",\"isPartOf\":{\"@id\":\"https:\\\/\\\/probarranquilla.org\\\/#website\"},\"datePublished\":\"2021-10-18T09:18:33+00:00\",\"dateModified\":\"2021-11-04T16:32:37+00:00\",\"breadcrumb\":{\"@id\":\"https:\\\/\\\/probarranquilla.org\\\/city-sight\\\/#breadcrumb\"},\"inLanguage\":\"en-US\",\"potentialAction\":[{\"@type\":\"ReadAction\",\"target\":[\"https:\\\/\\\/probarranquilla.org\\\/city-sight\\\/\"]}]},{\"@type\":\"BreadcrumbList\",\"@id\":\"https:\\\/\\\/probarranquilla.org\\\/city-sight\\\/#breadcrumb\",\"itemListElement\":[{\"@type\":\"ListItem\",\"position\":1,\"name\":\"Inicio\",\"item\":\"https:\\\/\\\/probarranquilla.org\\\/\"},{\"@type\":\"ListItem\",\"position\":2,\"name\":\"City Sight\"}]},{\"@type\":\"WebSite\",\"@id\":\"https:\\\/\\\/probarranquilla.org\\\/#website\",\"url\":\"https:\\\/\\\/probarranquilla.org\\\/\",\"name\":\"ProBarranquilla\",\"description\":\"ProBarranquilla\",\"publisher\":{\"@id\":\"https:\\\/\\\/probarranquilla.org\\\/#organization\"},\"potentialAction\":[{\"@type\":\"SearchAction\",\"target\":{\"@type\":\"EntryPoint\",\"urlTemplate\":\"https:\\\/\\\/probarranquilla.org\\\/?s={search_term_string}\"},\"query-input\":{\"@type\":\"PropertyValueSpecification\",\"valueRequired\":true,\"valueName\":\"search_term_string\"}}],\"inLanguage\":\"en-US\"},{\"@type\":\"Organization\",\"@id\":\"https:\\\/\\\/probarranquilla.org\\\/#organization\",\"name\":\"ProBarranquilla\",\"url\":\"https:\\\/\\\/probarranquilla.org\\\/\",\"logo\":{\"@type\":\"ImageObject\",\"inLanguage\":\"en-US\",\"@id\":\"https:\\\/\\\/probarranquilla.org\\\/#\\\/schema\\\/logo\\\/image\\\/\",\"url\":\"https:\\\/\\\/9pcc8a.p3cdn1.secureserver.net\\\/wp-content\\\/uploads\\\/2022\\\/08\\\/redes-sociales-probaq-1.png?time=1669419395\",\"contentUrl\":\"https:\\\/\\\/9pcc8a.p3cdn1.secureserver.net\\\/wp-content\\\/uploads\\\/2022\\\/08\\\/redes-sociales-probaq-1.png?time=1669419395\",\"width\":500,\"height\":250,\"caption\":\"ProBarranquilla\"},\"image\":{\"@id\":\"https:\\\/\\\/probarranquilla.org\\\/#\\\/schema\\\/logo\\\/image\\\/\"},\"sameAs\":[\"https:\\\/\\\/www.facebook.com\\\/ProBarranquilla\\\/\",\"https:\\\/\\\/x.com\\\/ProBaq\"]}]}<\/script>\n<!-- \/ Yoast SEO plugin. -->","yoast_head_json":{"title":"City Sight | ProBarranquilla","robots":{"index":"index","follow":"follow","max-snippet":"max-snippet:-1","max-image-preview":"max-image-preview:large","max-video-preview":"max-video-preview:-1"},"canonical":"https:\/\/probarranquilla.org\/en\/city-sight\/","og_locale":"en_US","og_type":"article","og_title":"City Sight | ProBarranquilla","og_url":"https:\/\/probarranquilla.org\/en\/city-sight\/","og_site_name":"ProBarranquilla","article_publisher":"https:\/\/www.facebook.com\/ProBarranquilla\/","article_modified_time":"2021-11-04T16:32:37+00:00","og_image":[{"width":500,"height":250,"url":"https:\/\/probarranquilla.org\/wp-content\/uploads\/2022\/08\/redes-sociales-probaq-1.png","type":"image\/png"}],"twitter_card":"summary_large_image","twitter_site":"@ProBaq","twitter_misc":{"Est. reading time":"4 minutes"},"schema":{"@context":"https:\/\/schema.org","@graph":[{"@type":"WebPage","@id":"https:\/\/probarranquilla.org\/city-sight\/","url":"https:\/\/probarranquilla.org\/city-sight\/","name":"City Sight | ProBarranquilla","isPartOf":{"@id":"https:\/\/probarranquilla.org\/#website"},"datePublished":"2021-10-18T09:18:33+00:00","dateModified":"2021-11-04T16:32:37+00:00","breadcrumb":{"@id":"https:\/\/probarranquilla.org\/city-sight\/#breadcrumb"},"inLanguage":"en-US","potentialAction":[{"@type":"ReadAction","target":["https:\/\/probarranquilla.org\/city-sight\/"]}]},{"@type":"BreadcrumbList","@id":"https:\/\/probarranquilla.org\/city-sight\/#breadcrumb","itemListElement":[{"@type":"ListItem","position":1,"name":"Inicio","item":"https:\/\/probarranquilla.org\/"},{"@type":"ListItem","position":2,"name":"City Sight"}]},{"@type":"WebSite","@id":"https:\/\/probarranquilla.org\/#website","url":"https:\/\/probarranquilla.org\/","name":"ProBarranquilla","description":"ProBarranquilla","publisher":{"@id":"https:\/\/probarranquilla.org\/#organization"},"potentialAction":[{"@type":"SearchAction","target":{"@type":"EntryPoint","urlTemplate":"https:\/\/probarranquilla.org\/?s={search_term_string}"},"query-input":{"@type":"PropertyValueSpecification","valueRequired":true,"valueName":"search_term_string"}}],"inLanguage":"en-US"},{"@type":"Organization","@id":"https:\/\/probarranquilla.org\/#organization","name":"ProBarranquilla","url":"https:\/\/probarranquilla.org\/","logo":{"@type":"ImageObject","inLanguage":"en-US","@id":"https:\/\/probarranquilla.org\/#\/schema\/logo\/image\/","url":"https:\/\/9pcc8a.p3cdn1.secureserver.net\/wp-content\/uploads\/2022\/08\/redes-sociales-probaq-1.png?time=1669419395","contentUrl":"https:\/\/9pcc8a.p3cdn1.secureserver.net\/wp-content\/uploads\/2022\/08\/redes-sociales-probaq-1.png?time=1669419395","width":500,"height":250,"caption":"ProBarranquilla"},"image":{"@id":"https:\/\/probarranquilla.org\/#\/schema\/logo\/image\/"},"sameAs":["https:\/\/www.facebook.com\/ProBarranquilla\/","https:\/\/x.com\/ProBaq"]}]}},"_links":{"self":[{"href":"https:\/\/probarranquilla.org\/en\/wp-json\/wp\/v2\/pages\/10097","targetHints":{"allow":["GET"]}}],"collection":[{"href":"https:\/\/probarranquilla.org\/en\/wp-json\/wp\/v2\/pages"}],"about":[{"href":"https:\/\/probarranquilla.org\/en\/wp-json\/wp\/v2\/types\/page"}],"author":[{"embeddable":true,"href":"https:\/\/probarranquilla.org\/en\/wp-json\/wp\/v2\/users\/1"}],"replies":[{"embeddable":true,"href":"https:\/\/probarranquilla.org\/en\/wp-json\/wp\/v2\/comments?post=10097"}],"version-history":[{"count":0,"href":"https:\/\/probarranquilla.org\/en\/wp-json\/wp\/v2\/pages\/10097\/revisions"}],"wp:attachment":[{"href":"https:\/\/probarranquilla.org\/en\/wp-json\/wp\/v2\/media?parent=10097"}],"curies":[{"name":"wp","href":"https:\/\/api.w.org\/{rel}","templated":true}]}}