{"id":16085,"date":"2023-09-24T11:56:37","date_gmt":"2023-09-24T16:56:37","guid":{"rendered":"https:\/\/probarranquilla.org\/event\/congreso-colombiano-de-la-construccion\/"},"modified":"2023-09-24T11:56:37","modified_gmt":"2023-09-24T16:56:37","slug":"congreso-colombiano-de-la-construccion","status":"publish","type":"tribe_events","link":"https:\/\/probarranquilla.org\/en\/event\/congreso-colombiano-de-la-construccion\/","title":{"rendered":"Congreso Colombiano de la Construcci\u00f3n"},"content":{"rendered":"El Congreso Colombiano de la Construcci\u00f3n &#8211; CCC evento m\u00e1s importante del sector para el tejido empresarial, en el cual se fortalecen las relaciones entre el gobierno nacional, las regiones, l\u00edderes de opini\u00f3n, actores de la cadena de valor de la construcci\u00f3n.","protected":false},"excerpt":{"rendered":"<p>El Congreso Colombiano de la Construcci\u00f3n &#8211; CCC evento m\u00e1s importante del sector para el tejido empresarial, en el cual se fortalecen las relaciones entre el gobierno nacional, las regiones, l\u00edderes de opini\u00f3n, actores de la cadena de valor de [&hellip;]<\/p>\n","protected":false},"author":4,"featured_media":0,"template":"","meta":{"_tec_requires_first_save":false,"_EventAllDay":true,"_EventTimezone":"UTC-5","_EventStartDate":"2023-10-18 00:00:00","_EventEndDate":"2023-10-20 23:59:59","_EventStartDateUTC":"2023-10-18 04:00:00","_EventEndDateUTC":"2023-10-21 03:59:59","_EventShowMap":false,"_EventShowMapLink":false,"_EventURL":"","_EventCost":"","_EventCostDescription":"","_EventCurrencySymbol":"","_EventCurrencyCode":"","_EventCurrencyPosition":"prefix","_EventDateTimeSeparator":"","_EventTimeRangeSeparator":"","_EventOrganizerID":[15260],"_EventVenueID":[15427],"_OrganizerEmail":"","_OrganizerPhone":"","_OrganizerWebsite":"","_VenueAddress":"","_VenueCity":"","_VenueCountry":"","_VenueProvince":"","_VenueState":"","_VenueZip":"","_VenuePhone":"","_VenueURL":"","_VenueStateProvince":"","_VenueLat":"","_VenueLng":"","_VenueShowMap":false,"_VenueShowMapLink":false,"_tribe_blocks_recurrence_rules":"","_tribe_blocks_recurrence_description":"","_tribe_blocks_recurrence_exclusions":"","_tribe_events_status":"","_tribe_events_status_reason":"","_tribe_events_is_hybrid":"","_tribe_events_is_virtual":"","_tribe_events_virtual_video_source":"","_tribe_events_virtual_embed_video":"","_tribe_events_virtual_linked_button_text":"","_tribe_events_virtual_linked_button":"","_tribe_events_virtual_show_embed_at":"","_tribe_events_virtual_show_embed_to":[],"_tribe_events_virtual_show_on_event":"","_tribe_events_virtual_show_on_views":"","_tribe_events_virtual_url":"","footnotes":""},"tags":[382],"tribe_events_cat":[376],"class_list":["post-16085","tribe_events","type-tribe_events","status-publish","hentry","tag-ingenieria-y-construccion","tribe_events_cat-congreso","cat_congreso"],"acf":[],"yoast_head":"<!-- This site is optimized with the Yoast SEO plugin v27.5 - https:\/\/yoast.com\/product\/yoast-seo-wordpress\/ -->\n<title>Congreso Colombiano de la Construcci\u00f3n | ProBarranquilla<\/title>\n<meta name=\"robots\" content=\"index, follow, max-snippet:-1, max-image-preview:large, max-video-preview:-1\" \/>\n<link rel=\"canonical\" href=\"https:\/\/probarranquilla.org\/en\/event\/congreso-colombiano-de-la-construccion\/\" \/>\n<meta property=\"og:locale\" content=\"en_US\" \/>\n<meta property=\"og:type\" content=\"article\" \/>\n<meta property=\"og:title\" content=\"Congreso Colombiano de la Construcci\u00f3n | ProBarranquilla\" \/>\n<meta property=\"og:description\" content=\"El Congreso Colombiano de la Construcci\u00f3n &#8211; CCC evento m\u00e1s importante del sector para el tejido empresarial, en el cual se fortalecen las relaciones entre el gobierno nacional, las regiones, l\u00edderes de opini\u00f3n, actores de la cadena de valor de [&hellip;]\" \/>\n<meta property=\"og:url\" content=\"https:\/\/probarranquilla.org\/en\/event\/congreso-colombiano-de-la-construccion\/\" \/>\n<meta property=\"og:site_name\" content=\"ProBarranquilla\" \/>\n<meta property=\"article:publisher\" content=\"https:\/\/www.facebook.com\/ProBarranquilla\/\" \/>\n<meta property=\"og:image\" content=\"https:\/\/probarranquilla.org\/wp-content\/uploads\/2022\/08\/redes-sociales-probaq-1.png\" \/>\n\t<meta property=\"og:image:width\" content=\"500\" \/>\n\t<meta property=\"og:image:height\" content=\"250\" \/>\n\t<meta property=\"og:image:type\" content=\"image\/png\" \/>\n<meta name=\"twitter:card\" content=\"summary_large_image\" \/>\n<meta name=\"twitter:site\" content=\"@ProBaq\" \/>\n<script type=\"application\/ld+json\" class=\"yoast-schema-graph\">{\"@context\":\"https:\\\/\\\/schema.org\",\"@graph\":[{\"@type\":\"WebPage\",\"@id\":\"https:\\\/\\\/probarranquilla.org\\\/event\\\/congreso-colombiano-de-la-construccion\\\/\",\"url\":\"https:\\\/\\\/probarranquilla.org\\\/event\\\/congreso-colombiano-de-la-construccion\\\/\",\"name\":\"Congreso Colombiano de la Construcci\u00f3n | ProBarranquilla\",\"isPartOf\":{\"@id\":\"https:\\\/\\\/probarranquilla.org\\\/#website\"},\"datePublished\":\"2023-09-24T16:56:37+00:00\",\"breadcrumb\":{\"@id\":\"https:\\\/\\\/probarranquilla.org\\\/event\\\/congreso-colombiano-de-la-construccion\\\/#breadcrumb\"},\"inLanguage\":\"en-US\",\"potentialAction\":[{\"@type\":\"ReadAction\",\"target\":[\"https:\\\/\\\/probarranquilla.org\\\/event\\\/congreso-colombiano-de-la-construccion\\\/\"]}]},{\"@type\":\"BreadcrumbList\",\"@id\":\"https:\\\/\\\/probarranquilla.org\\\/event\\\/congreso-colombiano-de-la-construccion\\\/#breadcrumb\",\"itemListElement\":[{\"@type\":\"ListItem\",\"position\":1,\"name\":\"Inicio\",\"item\":\"https:\\\/\\\/probarranquilla.org\\\/\"},{\"@type\":\"ListItem\",\"position\":2,\"name\":\"Eventos\",\"item\":\"https:\\\/\\\/probarranquilla.org\\\/events\\\/\"},{\"@type\":\"ListItem\",\"position\":3,\"name\":\"Congreso Colombiano de la Construcci\u00f3n\"}]},{\"@type\":\"WebSite\",\"@id\":\"https:\\\/\\\/probarranquilla.org\\\/#website\",\"url\":\"https:\\\/\\\/probarranquilla.org\\\/\",\"name\":\"ProBarranquilla\",\"description\":\"ProBarranquilla\",\"publisher\":{\"@id\":\"https:\\\/\\\/probarranquilla.org\\\/#organization\"},\"potentialAction\":[{\"@type\":\"SearchAction\",\"target\":{\"@type\":\"EntryPoint\",\"urlTemplate\":\"https:\\\/\\\/probarranquilla.org\\\/?s={search_term_string}\"},\"query-input\":{\"@type\":\"PropertyValueSpecification\",\"valueRequired\":true,\"valueName\":\"search_term_string\"}}],\"inLanguage\":\"en-US\"},{\"@type\":\"Organization\",\"@id\":\"https:\\\/\\\/probarranquilla.org\\\/#organization\",\"name\":\"ProBarranquilla\",\"url\":\"https:\\\/\\\/probarranquilla.org\\\/\",\"logo\":{\"@type\":\"ImageObject\",\"inLanguage\":\"en-US\",\"@id\":\"https:\\\/\\\/probarranquilla.org\\\/#\\\/schema\\\/logo\\\/image\\\/\",\"url\":\"https:\\\/\\\/9pcc8a.p3cdn1.secureserver.net\\\/wp-content\\\/uploads\\\/2022\\\/08\\\/redes-sociales-probaq-1.png?time=1669419395\",\"contentUrl\":\"https:\\\/\\\/9pcc8a.p3cdn1.secureserver.net\\\/wp-content\\\/uploads\\\/2022\\\/08\\\/redes-sociales-probaq-1.png?time=1669419395\",\"width\":500,\"height\":250,\"caption\":\"ProBarranquilla\"},\"image\":{\"@id\":\"https:\\\/\\\/probarranquilla.org\\\/#\\\/schema\\\/logo\\\/image\\\/\"},\"sameAs\":[\"https:\\\/\\\/www.facebook.com\\\/ProBarranquilla\\\/\",\"https:\\\/\\\/x.com\\\/ProBaq\"]}]}<\/script>\n<!-- \/ Yoast SEO plugin. -->","yoast_head_json":{"title":"Congreso Colombiano de la Construcci\u00f3n | ProBarranquilla","robots":{"index":"index","follow":"follow","max-snippet":"max-snippet:-1","max-image-preview":"max-image-preview:large","max-video-preview":"max-video-preview:-1"},"canonical":"https:\/\/probarranquilla.org\/en\/event\/congreso-colombiano-de-la-construccion\/","og_locale":"en_US","og_type":"article","og_title":"Congreso Colombiano de la Construcci\u00f3n | ProBarranquilla","og_description":"El Congreso Colombiano de la Construcci\u00f3n &#8211; CCC evento m\u00e1s importante del sector para el tejido empresarial, en el cual se fortalecen las relaciones entre el gobierno nacional, las regiones, l\u00edderes de opini\u00f3n, actores de la cadena de valor de [&hellip;]","og_url":"https:\/\/probarranquilla.org\/en\/event\/congreso-colombiano-de-la-construccion\/","og_site_name":"ProBarranquilla","article_publisher":"https:\/\/www.facebook.com\/ProBarranquilla\/","og_image":[{"width":500,"height":250,"url":"https:\/\/probarranquilla.org\/wp-content\/uploads\/2022\/08\/redes-sociales-probaq-1.png","type":"image\/png"}],"twitter_card":"summary_large_image","twitter_site":"@ProBaq","schema":{"@context":"https:\/\/schema.org","@graph":[{"@type":"WebPage","@id":"https:\/\/probarranquilla.org\/event\/congreso-colombiano-de-la-construccion\/","url":"https:\/\/probarranquilla.org\/event\/congreso-colombiano-de-la-construccion\/","name":"Congreso Colombiano de la Construcci\u00f3n | ProBarranquilla","isPartOf":{"@id":"https:\/\/probarranquilla.org\/#website"},"datePublished":"2023-09-24T16:56:37+00:00","breadcrumb":{"@id":"https:\/\/probarranquilla.org\/event\/congreso-colombiano-de-la-construccion\/#breadcrumb"},"inLanguage":"en-US","potentialAction":[{"@type":"ReadAction","target":["https:\/\/probarranquilla.org\/event\/congreso-colombiano-de-la-construccion\/"]}]},{"@type":"BreadcrumbList","@id":"https:\/\/probarranquilla.org\/event\/congreso-colombiano-de-la-construccion\/#breadcrumb","itemListElement":[{"@type":"ListItem","position":1,"name":"Inicio","item":"https:\/\/probarranquilla.org\/"},{"@type":"ListItem","position":2,"name":"Eventos","item":"https:\/\/probarranquilla.org\/events\/"},{"@type":"ListItem","position":3,"name":"Congreso Colombiano de la Construcci\u00f3n"}]},{"@type":"WebSite","@id":"https:\/\/probarranquilla.org\/#website","url":"https:\/\/probarranquilla.org\/","name":"ProBarranquilla","description":"ProBarranquilla","publisher":{"@id":"https:\/\/probarranquilla.org\/#organization"},"potentialAction":[{"@type":"SearchAction","target":{"@type":"EntryPoint","urlTemplate":"https:\/\/probarranquilla.org\/?s={search_term_string}"},"query-input":{"@type":"PropertyValueSpecification","valueRequired":true,"valueName":"search_term_string"}}],"inLanguage":"en-US"},{"@type":"Organization","@id":"https:\/\/probarranquilla.org\/#organization","name":"ProBarranquilla","url":"https:\/\/probarranquilla.org\/","logo":{"@type":"ImageObject","inLanguage":"en-US","@id":"https:\/\/probarranquilla.org\/#\/schema\/logo\/image\/","url":"https:\/\/9pcc8a.p3cdn1.secureserver.net\/wp-content\/uploads\/2022\/08\/redes-sociales-probaq-1.png?time=1669419395","contentUrl":"https:\/\/9pcc8a.p3cdn1.secureserver.net\/wp-content\/uploads\/2022\/08\/redes-sociales-probaq-1.png?time=1669419395","width":500,"height":250,"caption":"ProBarranquilla"},"image":{"@id":"https:\/\/probarranquilla.org\/#\/schema\/logo\/image\/"},"sameAs":["https:\/\/www.facebook.com\/ProBarranquilla\/","https:\/\/x.com\/ProBaq"]}]}},"_links":{"self":[{"href":"https:\/\/probarranquilla.org\/en\/wp-json\/wp\/v2\/tribe_events\/16085","targetHints":{"allow":["GET"]}}],"collection":[{"href":"https:\/\/probarranquilla.org\/en\/wp-json\/wp\/v2\/tribe_events"}],"about":[{"href":"https:\/\/probarranquilla.org\/en\/wp-json\/wp\/v2\/types\/tribe_events"}],"author":[{"embeddable":true,"href":"https:\/\/probarranquilla.org\/en\/wp-json\/wp\/v2\/users\/4"}],"version-history":[{"count":0,"href":"https:\/\/probarranquilla.org\/en\/wp-json\/wp\/v2\/tribe_events\/16085\/revisions"}],"wp:attachment":[{"href":"https:\/\/probarranquilla.org\/en\/wp-json\/wp\/v2\/media?parent=16085"}],"wp:term":[{"taxonomy":"post_tag","embeddable":true,"href":"https:\/\/probarranquilla.org\/en\/wp-json\/wp\/v2\/tags?post=16085"},{"taxonomy":"tribe_events_cat","embeddable":true,"href":"https:\/\/probarranquilla.org\/en\/wp-json\/wp\/v2\/tribe_events_cat?post=16085"}],"curies":[{"name":"wp","href":"https:\/\/api.w.org\/{rel}","templated":true}]}}