{"id":16091,"date":"2023-09-24T11:58:39","date_gmt":"2023-09-24T16:58:39","guid":{"rendered":"https:\/\/probarranquilla.org\/event\/31-congreso-latinoamericano-de-puertos\/"},"modified":"2024-01-23T09:36:41","modified_gmt":"2024-01-23T14:36:41","slug":"31-congreso-latinoamericano-de-puertos","status":"publish","type":"tribe_events","link":"https:\/\/probarranquilla.org\/en\/event\/31-congreso-latinoamericano-de-puertos\/","title":{"rendered":"31\u00b0 Congreso Latinoamericano de Puertos"},"content":{"rendered":"<div  class=\"tribe-events-schedule tribe-clearfix\" >\n\t<p class=\"tribe-events-schedule__datetime\">\n\t\t<span class=\"tribe-events-schedule__date tribe-events-schedule__date--start\">\n\t\t\tDecember 4, 2023\t\t<\/span>\n\n\t\t\n\t\t\t\t\t\t\t\t\t<span class=\"tribe-events-schedule__separator tribe-events-schedule__separator--time\">\n\t\t\t\t\t &#8211; \t\t\t\t<\/span>\n\t\t\t\n\t\t\t\t\t\t\t<span class=\"tribe-events-schedule__date tribe-events-schedule__date--end\">\n\t\t\t\t\tDecember 6, 2023\t\t\t\t<\/span>\n\n\t\t\t\t\n\t\t\t\n\t\t\t\t\t\t<\/p>\n<\/div>\n\n\r\n\r\n\rBarranquilla ser\u00e1 sede del 31\u00b0 Congreso Latinoamericano de Puertos de AAPA (Asocaci\u00f3n Americana de Autoridades Portuarias), un espacio que agrupa a m\u00e1s de 600 personas, entre expertos internacionales y l\u00edderes portuarios de Am\u00e9rica Latina. Este encuentro de negocios se constituye como el m\u00e1s importante del sector.\n\r\n\r\t<div  class=\"tribe-block tribe-block__events-link\" >\n\t\t<div class=\"tribe-events tribe-common\">\n\t\t\t<div class=\"tribe-events-c-subscribe-dropdown__container\">\n\t\t\t\t<div class=\"tribe-events-c-subscribe-dropdown\">\n\t\t\t\t\t<div class=\"tribe-common-c-btn-border tribe-events-c-subscribe-dropdown__button\">\n\t\t\t\t\t\t<svg\n\t class=\"tribe-common-c-svgicon tribe-common-c-svgicon--cal-export tribe-events-c-subscribe-dropdown__export-icon\" \taria-hidden=\"true\"\n\tviewbox=\"0 0 23 17\"\n\txmlns=\"http:\/\/www.w3.org\/2000\/svg\"\n>\n\t<path fill-rule=\"evenodd\" clip-rule=\"evenodd\" d=\"M.128.896V16.13c0 .211.145.383.323.383h15.354c.179 0 .323-.172.323-.383V.896c0-.212-.144-.383-.323-.383H.451C.273.513.128.684.128.896Zm16 6.742h-.901V4.679H1.009v10.729h14.218v-3.336h.901V7.638ZM1.01 1.614h14.218v2.058H1.009V1.614Z\" \/>\n\t<path d=\"M20.5 9.846H8.312M18.524 6.953l2.89 2.909-2.855 2.855\" stroke-width=\"1.2\" stroke-linecap=\"round\" stroke-linejoin=\"round\"\/>\n<\/svg>\n\t\t\t\t\t\t<button\n\t\t\t\t\t\t\tclass=\"tribe-events-c-subscribe-dropdown__button-text\"\n\t\t\t\t\t\t\taria-expanded=\"false\"\n\t\t\t\t\t\t\taria-controls=\"tribe-events-subscribe-dropdown-content\"\n\t\t\t\t\t\t\taria-label=\"View links to add events to your calendar\"\n\t\t\t\t\t\t>\n\t\t\t\t\t\t\tAdd to calendar\t\t\t\t\t\t<\/button>\n\t\t\t\t\t\t<svg\n\t class=\"tribe-common-c-svgicon tribe-common-c-svgicon--caret-down tribe-events-c-subscribe-dropdown__button-icon\" \taria-hidden=\"true\"\n\tviewbox=\"0 0 10 7\"\n\txmlns=\"http:\/\/www.w3.org\/2000\/svg\"\n>\n\t<path fill-rule=\"evenodd\" clip-rule=\"evenodd\" d=\"M1.008.609L5 4.6 8.992.61l.958.958L5 6.517.05 1.566l.958-.958z\" class=\"tribe-common-c-svgicon__svg-fill\"\/>\n<\/svg>\n\t\t\t\t\t<\/div>\n\t\t\t\t\t<div id=\"tribe-events-subscribe-dropdown-content\" class=\"tribe-events-c-subscribe-dropdown__content\">\n\t\t\t\t\t\t<ul class=\"tribe-events-c-subscribe-dropdown__list\">\n\t\t\t\t\t\t\t\t\t\t\t\t\t\t\t<li class=\"tribe-events-c-subscribe-dropdown__list-item tribe-events-c-subscribe-dropdown__list-item--gcal\">\n\t\t\t\t\t\t\t\t\t<a\n\t\t\t\t\t\t\t\t\t\thref=\"https:\/\/www.google.com\/calendar\/event?action=TEMPLATE&#038;dates=20231204T000000\/20231206T235959&#038;text=31%C2%B0%20Congreso%20Latinoamericano%20de%20Puertos&#038;details=Barranquilla+ser%C3%A1+sede+del+31%C2%B0+Congreso+Latinoamericano+de+Puertos+de+AAPA+%28Asocaci%C3%B3n+Americana+de+Autoridades+Portuarias%29%2C+un+espacio+que+agrupa+a+m%C3%A1s+de+600+personas%2C+entre+expertos+internacionales+y+l%C3%ADderes+portuarios+de+Am%C3%A9rica+Latina.+Este+encuentro+de+negocios+se+constituye+como+el+m%C3%A1s+importante+del+sector.&#038;location=Puerta%20de%20Oro,%20Puerta%20de%20Oro,%20Barranquilla,%20Atl\u00e1ntico,%20Colombia&#038;trp=false&#038;ctz=UTC-5&#038;sprop=website:https:\/\/probarranquilla.org\/en\"\n\t\t\t\t\t\t\t\t\t\tclass=\"tribe-events-c-subscribe-dropdown__list-item-link\"\n\t\t\t\t\t\t\t\t\t\ttarget=\"_blank\"\n\t\t\t\t\t\t\t\t\t\trel=\"noopener noreferrer nofollow noindex\"\n\t\t\t\t\t\t\t\t\t>\n\t\t\t\t\t\t\t\t\t\tGoogle Calendar\t\t\t\t\t\t\t\t\t<\/a>\n\t\t\t\t\t\t\t\t<\/li>\n\t\t\t\t\t\t\t\t\t\t\t\t\t\t\t<li class=\"tribe-events-c-subscribe-dropdown__list-item tribe-events-c-subscribe-dropdown__list-item--ical\">\n\t\t\t\t\t\t\t\t\t<a\n\t\t\t\t\t\t\t\t\t\thref=\"\"\n\t\t\t\t\t\t\t\t\t\tclass=\"tribe-events-c-subscribe-dropdown__list-item-link\"\n\t\t\t\t\t\t\t\t\t\ttarget=\"_blank\"\n\t\t\t\t\t\t\t\t\t\trel=\"noopener noreferrer nofollow noindex\"\n\t\t\t\t\t\t\t\t\t>\n\t\t\t\t\t\t\t\t\t\tiCalendar\t\t\t\t\t\t\t\t\t<\/a>\n\t\t\t\t\t\t\t\t<\/li>\n\t\t\t\t\t\t\t\t\t\t\t\t\t\t\t<li class=\"tribe-events-c-subscribe-dropdown__list-item tribe-events-c-subscribe-dropdown__list-item--outlook-365\">\n\t\t\t\t\t\t\t\t\t<a\n\t\t\t\t\t\t\t\t\t\thref=\"\"\n\t\t\t\t\t\t\t\t\t\tclass=\"tribe-events-c-subscribe-dropdown__list-item-link\"\n\t\t\t\t\t\t\t\t\t\ttarget=\"_blank\"\n\t\t\t\t\t\t\t\t\t\trel=\"noopener noreferrer nofollow noindex\"\n\t\t\t\t\t\t\t\t\t>\n\t\t\t\t\t\t\t\t\t\tOutlook 365\t\t\t\t\t\t\t\t\t<\/a>\n\t\t\t\t\t\t\t\t<\/li>\n\t\t\t\t\t\t\t\t\t\t\t\t\t\t\t<li class=\"tribe-events-c-subscribe-dropdown__list-item tribe-events-c-subscribe-dropdown__list-item--outlook-live\">\n\t\t\t\t\t\t\t\t\t<a\n\t\t\t\t\t\t\t\t\t\thref=\"\"\n\t\t\t\t\t\t\t\t\t\tclass=\"tribe-events-c-subscribe-dropdown__list-item-link\"\n\t\t\t\t\t\t\t\t\t\ttarget=\"_blank\"\n\t\t\t\t\t\t\t\t\t\trel=\"noopener noreferrer nofollow noindex\"\n\t\t\t\t\t\t\t\t\t>\n\t\t\t\t\t\t\t\t\t\tOutlook Live\t\t\t\t\t\t\t\t\t<\/a>\n\t\t\t\t\t\t\t\t<\/li>\n\t\t\t\t\t\t\t\t\t\t\t\t\t<\/ul>\n\t\t\t\t\t<\/div>\n\t\t\t\t<\/div>\n\t\t\t<\/div>\n\t\t<\/div>\n\t<\/div>\n\n\n\r<div  class=\"tribe-events-single-section tribe-events-event-meta primary tribe-clearfix\" >\n\t\n\t\n<div class=\"tribe-events-meta-group tribe-events-meta-group-details\">\n\t<h3 class=\"tribe-events-single-section-title\">\n\t\t\t\t\tDetails\t\t\n\t<\/h3>\n\t<ul class=\"tribe-events-meta-list\">\n\n\t\t\n\t\t\t<li class=\"tribe-events-meta-item\">\n\t\t\t\t<span class=\"tribe-events-meta-label\">Start:<\/span>\n\t\t\t\t<span class=\"tribe-events-meta-value\">\n\t\t\t\t\t<abbr class=\"tribe-events-abbr tribe-events-start-datetime published dtstart\" title=\"2023-12-04\"> December 4, 2023 <\/abbr>\n\t\t\t\t<\/span>\n\t\t\t<\/li>\n\n\t\t\t<li class=\"tribe-events-meta-item\">\n\t\t\t\t<span class=\"tribe-events-meta-label\">End:<\/span>\n\t\t\t\t<span class=\"tribe-events-meta-value\">\n\t\t\t\t\t<abbr class=\"tribe-events-abbr dtend\" title=\"2023-12-06\"> December 6, 2023 <\/abbr>\n\t\t\t\t<\/span>\n\t\t\t<\/li>\n\n\t\t\n\t\t\n\t\t\n\t\t<li class=\"tribe-events-meta-item\"><span class=\"tribe-events-event-categories-label tribe-events-meta-label\">Event Category:<\/span> <span class=\"tribe-events-event-categories tribe-events-meta-value\"><a href=\"https:\/\/probarranquilla.org\/en\/events\/category\/congreso\/\" rel=\"tag\">CONGRESO<\/a><\/span><\/li>\n\t\t<li class=\"tribe-events-meta-item\"><span class=\"tribe-event-tags-label tribe-events-meta-label\">Event Tags:<\/span><span class=\"tribe-event-tags tribe-events-meta-value\"><a href=\"https:\/\/probarranquilla.org\/en\/events\/(\/?:tag|etiqueta)\/(%5B\/%5D\" rel=\"tag\">Servicios<\/a><\/span><\/li>\n\t\t\n\t\t\t<\/ul>\n<\/div>\n\t\n\t<\/div>\n\n\r<div  class=\"tribe-block tribe-block__venue tribe-clearfix\" >\n\t\n\t\n<div class=\"tribe-block__venue__meta\">\n\t<div class=\"tribe-block__venue__name\">\n\t\t<h3><a href=\"https:\/\/probarranquilla.org\/en\/venue\/puerta-de-oro\/\" title=\"Puerta de Oro\">Puerta de Oro<\/a><\/h3>\n\t<\/div>\n\n\t\n\t\t\t\t\t\t<address class=\"tribe-block__venue__address\">\n\t\t\t\t<span class=\"tribe-address\">\n\n<span class=\"tribe-street-address\">Puerta de Oro<\/span>\n\t\n\t\t<br>\n\t\t<span class=\"tribe-locality\">Barranquilla<\/span><span class=\"tribe-delimiter\">,<\/span>\n\n\t<abbr class=\"tribe-region tribe-events-abbr\" title=\"Atl\u00e1ntico\">Atl\u00e1ntico<\/abbr>\n\n\n\t<span class=\"tribe-country-name\">Colombia<\/span>\n\n<\/span>\n\n\t\t\t\t\t\t\t<\/address>\n\t\t\n\t\t\n\t\t\t\n\t<\/div>\n\t\n\t<\/div>","protected":false},"excerpt":{"rendered":"<p>Barranquilla ser\u00e1 sede del 31\u00b0 Congreso Latinoamericano de Puertos de AAPA (Asocaci\u00f3n Americana de Autoridades Portuarias), un espacio que agrupa a m\u00e1s de 600 personas, entre expertos internacionales y l\u00edderes portuarios de Am\u00e9rica Latina. Este encuentro de negocios se constituye [&hellip;]<\/p>\n","protected":false},"author":4,"featured_media":0,"template":"","meta":{"_tec_requires_first_save":false,"_EventAllDay":true,"_EventTimezone":"UTC-5","_EventStartDate":"2023-12-04 00:00:00","_EventEndDate":"2023-12-06 23:59:59","_EventStartDateUTC":"2023-12-04 05:00:00","_EventEndDateUTC":"2023-12-07 04:59:59","_EventShowMap":false,"_EventShowMapLink":false,"_EventURL":"","_EventCost":"","_EventCostDescription":"","_EventCurrencySymbol":"","_EventCurrencyCode":"","_EventCurrencyPosition":"prefix","_EventDateTimeSeparator":"","_EventTimeRangeSeparator":"","_EventOrganizerID":[],"_EventVenueID":[15438],"_OrganizerEmail":"","_OrganizerPhone":"","_OrganizerWebsite":"","_VenueAddress":"","_VenueCity":"","_VenueCountry":"","_VenueProvince":"","_VenueState":"","_VenueZip":"","_VenuePhone":"","_VenueURL":"","_VenueStateProvince":"","_VenueLat":"","_VenueLng":"","_VenueShowMap":false,"_VenueShowMapLink":false,"_tribe_blocks_recurrence_rules":"","_tribe_blocks_recurrence_description":"","_tribe_blocks_recurrence_exclusions":"","_tribe_events_status":"","_tribe_events_status_reason":"","_tribe_events_is_hybrid":"","_tribe_events_is_virtual":"","_tribe_events_virtual_video_source":"","_tribe_events_virtual_embed_video":"","_tribe_events_virtual_linked_button_text":"","_tribe_events_virtual_linked_button":"","_tribe_events_virtual_show_embed_at":"","_tribe_events_virtual_show_embed_to":[],"_tribe_events_virtual_show_on_event":"","_tribe_events_virtual_show_on_views":"","_tribe_events_virtual_url":"","footnotes":""},"tags":[377],"tribe_events_cat":[376],"class_list":["post-16091","tribe_events","type-tribe_events","status-publish","hentry","tag-servicios","tribe_events_cat-congreso","cat_congreso"],"acf":[],"yoast_head":"<!-- This site is optimized with the Yoast SEO plugin v27.5 - https:\/\/yoast.com\/product\/yoast-seo-wordpress\/ -->\n<title>31\u00b0 Congreso Latinoamericano de Puertos | ProBarranquilla<\/title>\n<meta name=\"robots\" content=\"index, follow, max-snippet:-1, max-image-preview:large, max-video-preview:-1\" \/>\n<link rel=\"canonical\" href=\"https:\/\/probarranquilla.org\/en\/event\/31-congreso-latinoamericano-de-puertos\/\" \/>\n<meta property=\"og:locale\" content=\"en_US\" \/>\n<meta property=\"og:type\" content=\"article\" \/>\n<meta property=\"og:title\" content=\"31\u00b0 Congreso Latinoamericano de Puertos | ProBarranquilla\" \/>\n<meta property=\"og:description\" content=\"Barranquilla ser\u00e1 sede del 31\u00b0 Congreso Latinoamericano de Puertos de AAPA (Asocaci\u00f3n Americana de Autoridades Portuarias), un espacio que agrupa a m\u00e1s de 600 personas, entre expertos internacionales y l\u00edderes portuarios de Am\u00e9rica Latina. Este encuentro de negocios se constituye [&hellip;]\" \/>\n<meta property=\"og:url\" content=\"https:\/\/probarranquilla.org\/en\/event\/31-congreso-latinoamericano-de-puertos\/\" \/>\n<meta property=\"og:site_name\" content=\"ProBarranquilla\" \/>\n<meta property=\"article:publisher\" content=\"https:\/\/www.facebook.com\/ProBarranquilla\/\" \/>\n<meta property=\"article:modified_time\" content=\"2024-01-23T14:36:41+00:00\" \/>\n<meta property=\"og:image\" content=\"https:\/\/probarranquilla.org\/wp-content\/uploads\/2022\/08\/redes-sociales-probaq-1.png\" \/>\n\t<meta property=\"og:image:width\" content=\"500\" \/>\n\t<meta property=\"og:image:height\" content=\"250\" \/>\n\t<meta property=\"og:image:type\" content=\"image\/png\" \/>\n<meta name=\"twitter:card\" content=\"summary_large_image\" \/>\n<meta name=\"twitter:site\" content=\"@ProBaq\" \/>\n<script type=\"application\/ld+json\" class=\"yoast-schema-graph\">{\"@context\":\"https:\\\/\\\/schema.org\",\"@graph\":[{\"@type\":\"WebPage\",\"@id\":\"https:\\\/\\\/probarranquilla.org\\\/event\\\/31-congreso-latinoamericano-de-puertos\\\/\",\"url\":\"https:\\\/\\\/probarranquilla.org\\\/event\\\/31-congreso-latinoamericano-de-puertos\\\/\",\"name\":\"31\u00b0 Congreso Latinoamericano de Puertos | ProBarranquilla\",\"isPartOf\":{\"@id\":\"https:\\\/\\\/probarranquilla.org\\\/#website\"},\"datePublished\":\"2023-09-24T16:58:39+00:00\",\"dateModified\":\"2024-01-23T14:36:41+00:00\",\"breadcrumb\":{\"@id\":\"https:\\\/\\\/probarranquilla.org\\\/event\\\/31-congreso-latinoamericano-de-puertos\\\/#breadcrumb\"},\"inLanguage\":\"en-US\",\"potentialAction\":[{\"@type\":\"ReadAction\",\"target\":[\"https:\\\/\\\/probarranquilla.org\\\/event\\\/31-congreso-latinoamericano-de-puertos\\\/\"]}]},{\"@type\":\"BreadcrumbList\",\"@id\":\"https:\\\/\\\/probarranquilla.org\\\/event\\\/31-congreso-latinoamericano-de-puertos\\\/#breadcrumb\",\"itemListElement\":[{\"@type\":\"ListItem\",\"position\":1,\"name\":\"Inicio\",\"item\":\"https:\\\/\\\/probarranquilla.org\\\/\"},{\"@type\":\"ListItem\",\"position\":2,\"name\":\"Eventos\",\"item\":\"https:\\\/\\\/probarranquilla.org\\\/events\\\/\"},{\"@type\":\"ListItem\",\"position\":3,\"name\":\"31\u00b0 Congreso Latinoamericano de Puertos\"}]},{\"@type\":\"WebSite\",\"@id\":\"https:\\\/\\\/probarranquilla.org\\\/#website\",\"url\":\"https:\\\/\\\/probarranquilla.org\\\/\",\"name\":\"ProBarranquilla\",\"description\":\"ProBarranquilla\",\"publisher\":{\"@id\":\"https:\\\/\\\/probarranquilla.org\\\/#organization\"},\"potentialAction\":[{\"@type\":\"SearchAction\",\"target\":{\"@type\":\"EntryPoint\",\"urlTemplate\":\"https:\\\/\\\/probarranquilla.org\\\/?s={search_term_string}\"},\"query-input\":{\"@type\":\"PropertyValueSpecification\",\"valueRequired\":true,\"valueName\":\"search_term_string\"}}],\"inLanguage\":\"en-US\"},{\"@type\":\"Organization\",\"@id\":\"https:\\\/\\\/probarranquilla.org\\\/#organization\",\"name\":\"ProBarranquilla\",\"url\":\"https:\\\/\\\/probarranquilla.org\\\/\",\"logo\":{\"@type\":\"ImageObject\",\"inLanguage\":\"en-US\",\"@id\":\"https:\\\/\\\/probarranquilla.org\\\/#\\\/schema\\\/logo\\\/image\\\/\",\"url\":\"https:\\\/\\\/9pcc8a.p3cdn1.secureserver.net\\\/wp-content\\\/uploads\\\/2022\\\/08\\\/redes-sociales-probaq-1.png?time=1669419395\",\"contentUrl\":\"https:\\\/\\\/9pcc8a.p3cdn1.secureserver.net\\\/wp-content\\\/uploads\\\/2022\\\/08\\\/redes-sociales-probaq-1.png?time=1669419395\",\"width\":500,\"height\":250,\"caption\":\"ProBarranquilla\"},\"image\":{\"@id\":\"https:\\\/\\\/probarranquilla.org\\\/#\\\/schema\\\/logo\\\/image\\\/\"},\"sameAs\":[\"https:\\\/\\\/www.facebook.com\\\/ProBarranquilla\\\/\",\"https:\\\/\\\/x.com\\\/ProBaq\"]}]}<\/script>\n<!-- \/ Yoast SEO plugin. -->","yoast_head_json":{"title":"31\u00b0 Congreso Latinoamericano de Puertos | ProBarranquilla","robots":{"index":"index","follow":"follow","max-snippet":"max-snippet:-1","max-image-preview":"max-image-preview:large","max-video-preview":"max-video-preview:-1"},"canonical":"https:\/\/probarranquilla.org\/en\/event\/31-congreso-latinoamericano-de-puertos\/","og_locale":"en_US","og_type":"article","og_title":"31\u00b0 Congreso Latinoamericano de Puertos | ProBarranquilla","og_description":"Barranquilla ser\u00e1 sede del 31\u00b0 Congreso Latinoamericano de Puertos de AAPA (Asocaci\u00f3n Americana de Autoridades Portuarias), un espacio que agrupa a m\u00e1s de 600 personas, entre expertos internacionales y l\u00edderes portuarios de Am\u00e9rica Latina. Este encuentro de negocios se constituye [&hellip;]","og_url":"https:\/\/probarranquilla.org\/en\/event\/31-congreso-latinoamericano-de-puertos\/","og_site_name":"ProBarranquilla","article_publisher":"https:\/\/www.facebook.com\/ProBarranquilla\/","article_modified_time":"2024-01-23T14:36:41+00:00","og_image":[{"width":500,"height":250,"url":"https:\/\/probarranquilla.org\/wp-content\/uploads\/2022\/08\/redes-sociales-probaq-1.png","type":"image\/png"}],"twitter_card":"summary_large_image","twitter_site":"@ProBaq","schema":{"@context":"https:\/\/schema.org","@graph":[{"@type":"WebPage","@id":"https:\/\/probarranquilla.org\/event\/31-congreso-latinoamericano-de-puertos\/","url":"https:\/\/probarranquilla.org\/event\/31-congreso-latinoamericano-de-puertos\/","name":"31\u00b0 Congreso Latinoamericano de Puertos | ProBarranquilla","isPartOf":{"@id":"https:\/\/probarranquilla.org\/#website"},"datePublished":"2023-09-24T16:58:39+00:00","dateModified":"2024-01-23T14:36:41+00:00","breadcrumb":{"@id":"https:\/\/probarranquilla.org\/event\/31-congreso-latinoamericano-de-puertos\/#breadcrumb"},"inLanguage":"en-US","potentialAction":[{"@type":"ReadAction","target":["https:\/\/probarranquilla.org\/event\/31-congreso-latinoamericano-de-puertos\/"]}]},{"@type":"BreadcrumbList","@id":"https:\/\/probarranquilla.org\/event\/31-congreso-latinoamericano-de-puertos\/#breadcrumb","itemListElement":[{"@type":"ListItem","position":1,"name":"Inicio","item":"https:\/\/probarranquilla.org\/"},{"@type":"ListItem","position":2,"name":"Eventos","item":"https:\/\/probarranquilla.org\/events\/"},{"@type":"ListItem","position":3,"name":"31\u00b0 Congreso Latinoamericano de Puertos"}]},{"@type":"WebSite","@id":"https:\/\/probarranquilla.org\/#website","url":"https:\/\/probarranquilla.org\/","name":"ProBarranquilla","description":"ProBarranquilla","publisher":{"@id":"https:\/\/probarranquilla.org\/#organization"},"potentialAction":[{"@type":"SearchAction","target":{"@type":"EntryPoint","urlTemplate":"https:\/\/probarranquilla.org\/?s={search_term_string}"},"query-input":{"@type":"PropertyValueSpecification","valueRequired":true,"valueName":"search_term_string"}}],"inLanguage":"en-US"},{"@type":"Organization","@id":"https:\/\/probarranquilla.org\/#organization","name":"ProBarranquilla","url":"https:\/\/probarranquilla.org\/","logo":{"@type":"ImageObject","inLanguage":"en-US","@id":"https:\/\/probarranquilla.org\/#\/schema\/logo\/image\/","url":"https:\/\/9pcc8a.p3cdn1.secureserver.net\/wp-content\/uploads\/2022\/08\/redes-sociales-probaq-1.png?time=1669419395","contentUrl":"https:\/\/9pcc8a.p3cdn1.secureserver.net\/wp-content\/uploads\/2022\/08\/redes-sociales-probaq-1.png?time=1669419395","width":500,"height":250,"caption":"ProBarranquilla"},"image":{"@id":"https:\/\/probarranquilla.org\/#\/schema\/logo\/image\/"},"sameAs":["https:\/\/www.facebook.com\/ProBarranquilla\/","https:\/\/x.com\/ProBaq"]}]}},"_links":{"self":[{"href":"https:\/\/probarranquilla.org\/en\/wp-json\/wp\/v2\/tribe_events\/16091","targetHints":{"allow":["GET"]}}],"collection":[{"href":"https:\/\/probarranquilla.org\/en\/wp-json\/wp\/v2\/tribe_events"}],"about":[{"href":"https:\/\/probarranquilla.org\/en\/wp-json\/wp\/v2\/types\/tribe_events"}],"author":[{"embeddable":true,"href":"https:\/\/probarranquilla.org\/en\/wp-json\/wp\/v2\/users\/4"}],"version-history":[{"count":1,"href":"https:\/\/probarranquilla.org\/en\/wp-json\/wp\/v2\/tribe_events\/16091\/revisions"}],"predecessor-version":[{"id":17347,"href":"https:\/\/probarranquilla.org\/en\/wp-json\/wp\/v2\/tribe_events\/16091\/revisions\/17347"}],"wp:attachment":[{"href":"https:\/\/probarranquilla.org\/en\/wp-json\/wp\/v2\/media?parent=16091"}],"wp:term":[{"taxonomy":"post_tag","embeddable":true,"href":"https:\/\/probarranquilla.org\/en\/wp-json\/wp\/v2\/tags?post=16091"},{"taxonomy":"tribe_events_cat","embeddable":true,"href":"https:\/\/probarranquilla.org\/en\/wp-json\/wp\/v2\/tribe_events_cat?post=16091"}],"curies":[{"name":"wp","href":"https:\/\/api.w.org\/{rel}","templated":true}]}}